{"id":84,"date":"2017-11-21T11:50:03","date_gmt":"2017-11-21T11:50:03","guid":{"rendered":"http:\/\/futureg.sk\/hu\/?page_id=84"},"modified":"2017-12-05T11:54:57","modified_gmt":"2017-12-05T11:54:57","slug":"civileknek","status":"publish","type":"page","link":"https:\/\/futureg.sk\/hu\/civileknek\/","title":{"rendered":"Civileknek"},"content":{"rendered":"<div class=\"field field-name-field-lead field-type-text-long field-label-hidden\">\n<div class=\"field-items\">\n<div class=\"field-item even\">Ez az \u00fatmutat\u00f3 t\u00e1mpontokat k\u00edv\u00e1n adni mindazok sz\u00e1m\u00e1ra, akik seg\u00edteni, valamilyen \u00fcgyet t\u00e1mogatni k\u00edv\u00e1nnak az adom\u00e1nyoz\u00e1s folyamat\u00e1ban \u2013 hogyan v\u00e1lasszunk, mit adjunk, mire van sz\u00fcks\u00e9g, milyen jogaink vannak, mit v\u00e1rhatunk el, stb.<\/div>\n<\/div>\n<\/div>\n<div class=\"field field-name-body field-type-text-with-summary field-label-hidden\">\n<div class=\"field-items\">\n<div class=\"field-item even\">\n<p><strong>Mi\u00e9rt civil szervezeteken kereszt\u00fcl?<\/strong><\/p>\n<p>Sokaknak van sz\u00fcks\u00e9ge seg\u00edts\u00e9gre, olyanoknak, akiket nem ismer\u00fcnk, akikkel nem tal\u00e1lkozunk, \u00e9s nem tudj\u00e1k elmondani nek\u00fcnk, pontosan mire van sz\u00fcks\u00e9g\u00fck. Vannak azonban, akik j\u00f3l ismerik a probl\u00e9m\u00e1kat, j\u00f3l ismerik a seg\u00edts\u00e9gre szorul\u00f3kat, kapcsolatban vannak vel\u00fck, \u00e9s tudj\u00e1k, hogy mivel lehet leghat\u00e9konyabban seg\u00edteni. A civil szervezetek az\u00e9rt dolgoznak, hogy szakmailag megalapozottan, szervezetten ny\u00fajtsanak megold\u00e1st a t\u00e1rsadalom bizonyos probl\u00e9m\u00e1ira. Sokan k\u00f6z\u00fcl\u00fck j\u00f3l ismerik a val\u00f3s ig\u00e9nyeket, \u00e9s olyan programokat dolgoznak ki, melyeken kereszt\u00fcl mi magunk is hat\u00e9konyan tudunk seg\u00edteni, r\u00e9szt venni a feladatok, t\u00e1rsadalmi probl\u00e9m\u00e1k megold\u00e1s\u00e1ban, k\u00f6rnyezet\u00fcnk sz\u00e9p\u00edt\u00e9s\u00e9ben, \u00e9let\u00fcnk jobb\u00e1 tev\u00e9s\u00e9ben.<\/p>\n<p><strong>Az adom\u00e1nyoz\u00e1s folyamata<\/strong><\/p>\n<p><em>Az elhat\u00e1roz\u00e1s \u00e9s az inform\u00e1l\u00f3d\u00e1s <\/em><br \/>\nAmennyiben eld\u00f6nt\u00f6tte, hogy adom\u00e1ny\u00e1val t\u00e1mogatni szeretne egy \u00fcgyet, egy civil szervezetet, t\u00e1j\u00e9koz\u00f3djon! J\u00e1rjon ut\u00e1na, hogy az \u00d6n sz\u00e1m\u00e1ra fontos t\u00e9mak\u00f6rben ismer-e civil szervezetet, vagy ismer\u0151sei tudnak-e aj\u00e1nlani egyet. Ha nem, akkor pr\u00f3b\u00e1ljon meg a t\u00e1j\u00e9koz\u00f3d\u00e1st seg\u00edt\u0151 adatb\u00e1zisokb\u00f3l (www.dvepercenta.sk)elindulni. Ha egy civil szervezet adom\u00e1nyk\u00e9r\u00e9se, felh\u00edv\u00e1sa jutott el \u00d6nh\u00f6z, akkor err\u0151l a szervezetr\u0151l, programjair\u00f3l pr\u00f3b\u00e1ljon meg r\u00e9szletes inform\u00e1ci\u00f3kat szerezni. (www.mvsr.sk)<\/p>\n<p><em>Mit adhatok? <\/em><br \/>\nAdom\u00e1ny lehet b\u00e1rmilyen form\u00e1ban adott t\u00e1mogat\u00e1s, azaz lehet p\u00e9nz-, t\u00e1rgy- vagy szolg\u00e1ltat\u00e1sbeli adom\u00e1ny, illetve ehhez kapcsol\u00f3d\u00f3an az \u00f6nk\u00e9ntes munka is az (b\u00e1r az adom\u00e1nyoz\u00e1s szab\u00e1lyair\u00f3l sz\u00f3l\u00f3\u00a0 Z\u00e1kon o neziskov\u00fdch organiz\u00e1ci\u00ed \u00e9s Z\u00e1kon o darovan\u00ed az \u00f6nk\u00e9ntes munkav\u00e9gz\u00e9st nem tekinti annak, \u00e9s az \u00f6nk\u00e9ntes munk\u00e1t k\u00fcl\u00f6n t\u00f6rv\u00e9ny szab\u00e1lyozza). S\u0151t, az adom\u00e1nyoz\u00e1s egy speci\u00e1lis form\u00e1j\u00e1t jelenti a szem\u00e9lyi j\u00f6vedelemad\u00f3 1+1%-\u00e1nak felaj\u00e1nl\u00e1sa is. Miel\u0151tt megkeres egy civil szervezetet, vagy reag\u00e1l a k\u00e9r\u00e9s\u00e9re, t\u00e1j\u00e9koz\u00f3djon, hogy pontosan mire is van sz\u00fcks\u00e9ge.<\/p>\n<p><em>Kinek adhatok?<\/em><br \/>\nAdom\u00e1nyt b\u00e1rmely szervezetnek lehet juttatni, de csak azok vehetik ig\u00e9nybe, akik m\u00e1r 2 \u00e9ve akt\u00edvak \u00e9s k\u00f6zjegyz\u0151n\u00e9l bejegyzettek, ha a t\u00e1mogatott szervezet rendelkezik k\u00f6zhaszn\u00fa jog\u00e1ll\u00e1ssal.<\/p>\n<p><em>Ki lehet adom\u00e1nyoz\u00f3 \u00e9s milyen jogok illetik meg \u0151t? <\/em><br \/>\nMinden magyar, vagy Magyarorsz\u00e1gon ad\u00f3z\u00f3 mag\u00e1nszem\u00e9ly, illetve jogi szem\u00e9ly lehet adom\u00e1nyoz\u00f3, t\u00e1mogat\u00f3, \u00e9s amennyiben a t\u00e1rsas\u00e1gi ad\u00f3 alanya k\u00f6zhaszn\u00fa szervezetnek adom\u00e1nyt ny\u00fajt, akkor az \u00e1llamt\u00f3l egy bizonyos m\u00e9rt\u00e9k\u0171 <a href=\"http:\/\/rozhodni.sk\">ad\u00f3kedvezm\u00e9ny<\/a> illeti meg.<\/p>\n<p><em>Az adom\u00e1nyoz\u00e1s<\/em><br \/>\nHa m\u00e1r eld\u00f6nt\u00f6tte kinek sz\u00e1nja adom\u00e1ny\u00e1t, megfelel\u0151en inform\u00e1l\u00f3dott a szervezetr\u0151l, akkor nincs m\u00e1s h\u00e1tra, mint felvenni a kapcsolatot vel\u00fck, hogy megtudja, milyen m\u00f3don juttathatja el adom\u00e1ny\u00e1t hozz\u00e1juk. Ha szeretn\u00e9 biztosan tudni, hogy adom\u00e1nya a sz\u00e1nd\u00e9ka szerint ker\u00fcl felhaszn\u00e1l\u00e1sra, \u00e9s a civil szervezet nem egy el\u0151re megjel\u00f6lt c\u00e9lra k\u00e9ri \u00d6nt\u0151l a t\u00e1mogat\u00e1st, akkor k\u00e9rheti <strong>adom\u00e1nyoz\u00f3i szerz\u0151d\u00e9s<\/strong> megk\u00f6t\u00e9s\u00e9t is. Ebben \u00d6nnek lehet\u0151s\u00e9ge van meghat\u00e1rozni, hogy adom\u00e1ny\u00e1t milyen c\u00e9lra haszn\u00e1lhatja fel a kedvezm\u00e9nyezett civil szervezet, illetve tov\u00e1bbi kik\u00f6t\u00e9seket is tehet (p\u00e9ld\u00e1ul arr\u00f3l, hogy hogyan sz\u00e1moljon be \u00d6nnek az adom\u00e1ny felhaszn\u00e1l\u00e1s\u00e1r\u00f3l).<\/p>\n<p>Ha \u00f6nt kereste meg egy civil szervezet, vagy egy szervezet \u00e1ltal felk\u00e9rt <a href=\"http:\/\/www.fundraising.sk\" target=\"_blank\" rel=\"noopener\">adom\u00e1nygy\u0171jt\u0151<\/a>, akkor az al\u00e1bbiakat \u00e9rdemes figyelembe venni:<\/p>\n<ul>\n<li>az adom\u00e1nyt gy\u0171jt\u0151 civil szervezet nev\u00e9ben elj\u00e1r\u00f3 szem\u00e9ly (legyen az a szervezet munkat\u00e1rsa, vagy az adom\u00e1nygy\u0171jt\u00e9sre felk\u00e9rt k\u00f6zvet\u00edt\u0151) k\u00f6teles igazolni mag\u00e1t \u00e9s a szervezetet: rendelkeznie kell egy felhatalmaz\u00e1ssal, melyet a szervezett\u0151l kapott, \u00e9s egy t\u00f6rv\u00e9nysz\u00e9ki nyilv\u00e1ntart\u00e1sb\u00f3l sz\u00e1rmaz\u00f3 hiteles kivonattal. (Term\u00e9szetesen lak\u00e1s\u00e1ba, mag\u00e1ningatlanba nem k\u00f6teles \u00d6n beengedni az adom\u00e1nygy\u0171jt\u0151t.)<\/li>\n<li>az adom\u00e1nyt gy\u0171jt\u0151 szervezetnek, illetve a nev\u00e9ben elj\u00e1r\u00f3 szem\u00e9lynek t\u00e1j\u00e9koztatnia kell az adom\u00e1nyoz\u00f3t arr\u00f3l, hogy mi az adom\u00e1nygy\u0171jt\u00e9s c\u00e9lja, \u00e9s hol tud az adom\u00e1ny felhaszn\u00e1l\u00e1s\u00e1r\u00f3l t\u00e1j\u00e9koz\u00f3dni.<\/li>\n<\/ul>\n<p>Amennyiben egy szervezet p\u00e9nzgy\u0171jt\u0151 dobozban\/urn\u00e1ban k\u00e9ri elhelyezni az adom\u00e1nyt, akkor az adom\u00e1nyoz\u00f3 figyeljen arra, hogy csak akkor adjon, ha a dobozon j\u00f3l l\u00e1that\u00f3 m\u00f3don fel van t\u00fcntetve a szervezet neve \u00e9s egy\u00e9rtelm\u0171 el\u00e9rhet\u0151s\u00e9ge.<\/p>\n<p>Ha egy\u00e9b m\u00f3don \u2013 ak\u00e1r telefonon, interneten, hirdet\u00e9sen, stb. \u2013 tal\u00e1lkozik adom\u00e1nyk\u00e9r\u00e9ssel, figyeljen arra, hogy az adom\u00e1nyk\u00e9r\u0151 szervezetnek minden esetben k\u00f6telez\u0151 felt\u00fcntetnie nev\u00e9t, el\u00e9rhet\u0151s\u00e9g\u00e9t (sz\u00e9khely\u00e9nek c\u00edm\u00e9t, \u00e9s ha van, weboldal\u00e1nak c\u00edm\u00e9t \u00e9s telefonsz\u00e1m\u00e1t).<\/p>\n<p><em>Az adom\u00e1nyoz\u00e1s ut\u00e1n<\/em><br \/>\nK\u00f6vesse figyelemmel a j\u00f6v\u0151ben is a szervezet munk\u00e1j\u00e1t, munk\u00e1ss\u00e1g\u00e1t \u00e9s eredm\u00e9nyeit. Ezzel nem csak azt tudja ellen\u0151rizni, hogy a szervezet hogyan haszn\u00e1lja fel az adom\u00e1nyokat, hanem azt is, hogy az \u00d6n sz\u00e1m\u00e1ra fontos program, projekt hogyan halad, \u00e9s ha a k\u00e9s\u0151bbiek sor\u00e1n ism\u00e9t adom\u00e1nyozna, m\u00e1r k\u00f6nnyebben \u00e9s hat\u00e9konyabban tud majd d\u00f6nteni. Ha ideje \u00e9s energi\u00e1ja engedi, \u00f6nk\u00e9ntesk\u00e9nt is csatlakozhat a civil szervezet munk\u00e1j\u00e1hoz.<\/p>\n<p>A szervezeteknek az adom\u00e1nyok felhaszn\u00e1l\u00e1s\u00e1r\u00f3l be kell sz\u00e1molniuk a nyilv\u00e1noss\u00e1g \u00e9s az \u00e1tl\u00e1that\u00f3s\u00e1g felt\u00e9telei szerint: amennyiben van a szervezetnek saj\u00e1t weboldala, ott kell megjelen\u00edtenie azt, hogy mikor zajlott az adom\u00e1nygy\u0171jt\u00e9s, milyen c\u00e9lra, \u00e9s a c\u00e9l szerinti felhaszn\u00e1l\u00e1s hogyan t\u00f6rt\u00e9nt meg, az adom\u00e1nygy\u0171jt\u00e9sb\u0151l \u00f6sszesen befolyt t\u00e1mogat\u00e1sb\u00f3l mekkora \u00f6sszeget mire ford\u00edtottak.<\/p>\n<p>Amennyiben a szervezet csatlakozott az Adom\u00e1nygy\u0171jt\u0151 Szervezetek <a href=\"http:\/\/atlathatosag.honlaphat.hu\/index.php?menu=3969&amp;langcode=hu\" target=\"_blank\" rel=\"noopener\">Etikai K\u00f3dex<\/a>\u00e9hez, egy\u00e9b adatokat is fel kell t\u00fcntetnie a felhaszn\u00e1l\u00e1sr\u00f3l, pl. hogy az adom\u00e1nyok (amennyiben p\u00e9nzbeliek) h\u00e1ny sz\u00e1zal\u00e9ka lett a c\u00e9lra, \u00e9s h\u00e1ny sz\u00e1zal\u00e9ka a c\u00e9lt t\u00e1mogat\u00f3 m\u0171k\u00f6d\u00e9sre felhaszn\u00e1lva.<\/p>\n<p>A szervezetek k\u00f6telesek <a href=\"http:\/\/www.mvsr.sk\">k\u00f6zhaszn\u00fas\u00e1gi jelent\u00e9s\u00fcket<\/a> k\u00f6zz\u00e9tenni (honlapjukon is), amib\u0151l hivatalos adatokat is megismerhet b\u00e1rmely \u00e9rdekl\u0151d\u0151, \u00edgy az adom\u00e1nyoz\u00f3 is.<\/p>\n<p><strong>Kapcsol\u00f3d\u00f3 k\u00e9rd\u00e9sek: <\/strong><br \/>\n<a href=\"http:\/\/nonprofit.hu\/?q=node\/27991\"><strong>Milyen a felel\u0151s adom\u00e1nyoz\u00f3?<\/strong><\/a><br \/>\n<a href=\"http:\/\/nonprofit.hu\/?q=node\/27892\"><strong>Hogyan v\u00e1lasszunk szervezetet?<\/strong><\/a><br \/>\n<a href=\"http:\/\/nonprofit.hu\/?q=node\/27992\"><strong>Hogyan \u00e9s mit adjunk?<\/strong><\/a><\/p>\n<\/div>\n<\/div>\n<\/div>\n<p>A szervezet honlapj\u00e1t sz\u00e1mos eszk\u00f6zzel remek adom\u00e1nygy\u0171jt\u00e9si fel\u00fclett\u00e9 alak\u00edthatjuk \u00e1t: helyezz\u00fcnk el a honlapra adom\u00e1nygy\u0171jt\u00e9si c\u00e9l\u00fa s\u00e1vhirdet\u00e9seket (bannereket), felugr\u00f3 hirdet\u00e9seket (pop-up-okat) illetve a honlapra val\u00f3 bel\u00e9p\u00e9s el\u0151tt megjelen\u0151 felh\u00edv\u00e1sokat (intro-kat). (B\u00e1r figyelemmel kell r\u00e1 lenn\u00fcnk, hogy sok felhaszn\u00e1l\u00f3 sz\u00e1m\u00edt\u00f3g\u00e9p\u00e9n letiltja ezeket az alkalmaz\u00e1sokat, hirdet\u00e9sek megjelen\u00edt\u00e9s\u00e9t.) Ezen k\u00edv\u00fcl felt\u00e9tlen\u00fcl helyezz\u00fcnk el a men\u00fcsorban egy T\u00e1mogass men\u00fcpontot, amely alatt megjelentethetj\u00fck az aktu\u00e1lis forr\u00e1sszervez\u00e9si felh\u00edv\u00e1sunkat.<\/p>\n<p>Honlapunkon kereszt\u00fcl, a web \u00e1ruh\u00e1zakhoz hasonl\u00f3an l\u00e9tre hozhatunk online, fizet\u0151 fel\u00fcletet is, amelyen kereszt\u00fcl az adom\u00e1nyoz\u00f3k banki \u00e1tutal\u00e1ssal juttathatj\u00e1k el p\u00e9nzadom\u00e1nyukat a szervezet sz\u00e1m\u00e1ra. Legelterjedtebb\u00a0 Magyarorsz\u00e1gon az\u00a0<a href=\"http:\/\/adhat.hu\/online-adomanygyujtes-bankkartyaval\" target=\"_blank\" rel=\"noopener\">adhat.hu<\/a> \u00e9s az OTP megold\u00e1sa, mely m\u00e1r t\u00f6bb mint 100 szervezetnek ad erre lehet\u0151s\u00e9get. Ki\u00e9p\u00edthetj\u00fck a weboldalunkra a Paypal, vagy az Abaqoos rendszer seg\u00edts\u00e9g\u00e9vel is. Ezek \u00fan, virtu\u00e1lis p\u00e9nzt\u00e1rc\u00e1k, melyekbe online lehet ki- \u00e9s befizetni. Szlov\u00e1ki\u00e1ban ilyen oldal a <a href=\"http:\/\/darujme.sk\">darujme.sk<\/a><\/p>\n<p>A tranzakci\u00f3s d\u00edjak tekintet\u00e9ben l\u00e9nyegesen olcs\u00f3bb, de programoz\u00e1si beavatkoz\u00e1sok miatt sokszor neh\u00e9zkes \u00e9s dr\u00e1ga megold\u00e1s, ha egy bankkal \u00e1llapodik meg a szervezet online \u00e1tutal\u00e1si rendszer m\u0171k\u00f6dtet\u00e9s\u00e9re, vagy lehet csatlakozni az <a href=\"http:\/\/adhat.hu\/online-adomanygyujtes-bankkartyaval\" target=\"_blank\" rel=\"noopener\">adhat.hu oldalon m\u0171k\u00f6d\u0151 rendszerhez<\/a>, mely jelenleg a legolcs\u00f3bb.<\/p>\n","protected":false},"excerpt":{"rendered":"<p>Ez az \u00fatmutat\u00f3 t\u00e1mpontokat k\u00edv\u00e1n adni mindazok sz\u00e1m\u00e1ra, akik seg\u00edteni, valamilyen \u00fcgyet t\u00e1mogatni k\u00edv\u00e1nnak az adom\u00e1nyoz\u00e1s folyamat\u00e1ban \u2013 hogyan v\u00e1lasszunk, mit adjunk, mire van sz\u00fcks\u00e9g, milyen jogaink vannak, mit v\u00e1rhatunk el, stb. Mi\u00e9rt civil szervezeteken kereszt\u00fcl? Sokaknak van sz\u00fcks\u00e9ge seg\u00edts\u00e9gre, olyanoknak, akiket nem ismer\u00fcnk, akikkel nem tal\u00e1lkozunk, \u00e9s nem tudj\u00e1k elmondani nek\u00fcnk, pontosan mire van [&hellip;]<\/p>\n","protected":false},"author":1,"featured_media":0,"parent":0,"menu_order":0,"comment_status":"closed","ping_status":"closed","template":"","meta":{"_monsterinsights_skip_tracking":false,"_monsterinsights_sitenote_active":false,"_monsterinsights_sitenote_note":"","_monsterinsights_sitenote_category":0,"footnotes":""},"class_list":["post-84","page","type-page","status-publish","hentry"],"yoast_head":"<!-- This site is optimized with the Yoast SEO plugin v26.1.1 - https:\/\/yoast.com\/wordpress\/plugins\/seo\/ -->\n<title>Civileknek - FutuReg PT<\/title>\n<meta name=\"robots\" content=\"index, follow, max-snippet:-1, max-image-preview:large, max-video-preview:-1\" \/>\n<link rel=\"canonical\" href=\"https:\/\/futureg.sk\/hu\/civileknek\/\" \/>\n<meta property=\"og:locale\" content=\"hu_HU\" \/>\n<meta property=\"og:type\" content=\"article\" \/>\n<meta property=\"og:title\" content=\"Civileknek - FutuReg PT\" \/>\n<meta property=\"og:description\" content=\"Ez az \u00fatmutat\u00f3 t\u00e1mpontokat k\u00edv\u00e1n adni mindazok sz\u00e1m\u00e1ra, akik seg\u00edteni, valamilyen \u00fcgyet t\u00e1mogatni k\u00edv\u00e1nnak az adom\u00e1nyoz\u00e1s folyamat\u00e1ban \u2013 hogyan v\u00e1lasszunk, mit adjunk, mire van sz\u00fcks\u00e9g, milyen jogaink vannak, mit v\u00e1rhatunk el, stb. Mi\u00e9rt civil szervezeteken kereszt\u00fcl? Sokaknak van sz\u00fcks\u00e9ge seg\u00edts\u00e9gre, olyanoknak, akiket nem ismer\u00fcnk, akikkel nem tal\u00e1lkozunk, \u00e9s nem tudj\u00e1k elmondani nek\u00fcnk, pontosan mire van [&hellip;]\" \/>\n<meta property=\"og:url\" content=\"https:\/\/futureg.sk\/hu\/civileknek\/\" \/>\n<meta property=\"og:site_name\" content=\"FutuReg PT\" \/>\n<meta property=\"article:modified_time\" content=\"2017-12-05T11:54:57+00:00\" \/>\n<meta name=\"twitter:card\" content=\"summary_large_image\" \/>\n<meta name=\"twitter:label1\" content=\"Becs\u00fclt olvas\u00e1si id\u0151\" \/>\n\t<meta name=\"twitter:data1\" content=\"7 perc\" \/>\n<script type=\"application\/ld+json\" class=\"yoast-schema-graph\">{\"@context\":\"https:\/\/schema.org\",\"@graph\":[{\"@type\":\"WebPage\",\"@id\":\"https:\/\/futureg.sk\/hu\/civileknek\/\",\"url\":\"https:\/\/futureg.sk\/hu\/civileknek\/\",\"name\":\"Civileknek - FutuReg PT\",\"isPartOf\":{\"@id\":\"https:\/\/futureg.sk\/hu\/#website\"},\"datePublished\":\"2017-11-21T11:50:03+00:00\",\"dateModified\":\"2017-12-05T11:54:57+00:00\",\"breadcrumb\":{\"@id\":\"https:\/\/futureg.sk\/hu\/civileknek\/#breadcrumb\"},\"inLanguage\":\"hu\",\"potentialAction\":[{\"@type\":\"ReadAction\",\"target\":[\"https:\/\/futureg.sk\/hu\/civileknek\/\"]}]},{\"@type\":\"BreadcrumbList\",\"@id\":\"https:\/\/futureg.sk\/hu\/civileknek\/#breadcrumb\",\"itemListElement\":[{\"@type\":\"ListItem\",\"position\":1,\"name\":\"Home\",\"item\":\"https:\/\/futureg.sk\/hu\/\"},{\"@type\":\"ListItem\",\"position\":2,\"name\":\"Civileknek\"}]},{\"@type\":\"WebSite\",\"@id\":\"https:\/\/futureg.sk\/hu\/#website\",\"url\":\"https:\/\/futureg.sk\/hu\/\",\"name\":\"FutuReg PT\",\"description\":\"R\u00e9gi\u00f3nk \u00e9s gyermekeink fejleszt\u00e9s\u00e9\u00e9rt\",\"potentialAction\":[{\"@type\":\"SearchAction\",\"target\":{\"@type\":\"EntryPoint\",\"urlTemplate\":\"https:\/\/futureg.sk\/hu\/?s={search_term_string}\"},\"query-input\":{\"@type\":\"PropertyValueSpecification\",\"valueRequired\":true,\"valueName\":\"search_term_string\"}}],\"inLanguage\":\"hu\"}]}<\/script>\n<!-- \/ Yoast SEO plugin. -->","yoast_head_json":{"title":"Civileknek - FutuReg PT","robots":{"index":"index","follow":"follow","max-snippet":"max-snippet:-1","max-image-preview":"max-image-preview:large","max-video-preview":"max-video-preview:-1"},"canonical":"https:\/\/futureg.sk\/hu\/civileknek\/","og_locale":"hu_HU","og_type":"article","og_title":"Civileknek - FutuReg PT","og_description":"Ez az \u00fatmutat\u00f3 t\u00e1mpontokat k\u00edv\u00e1n adni mindazok sz\u00e1m\u00e1ra, akik seg\u00edteni, valamilyen \u00fcgyet t\u00e1mogatni k\u00edv\u00e1nnak az adom\u00e1nyoz\u00e1s folyamat\u00e1ban \u2013 hogyan v\u00e1lasszunk, mit adjunk, mire van sz\u00fcks\u00e9g, milyen jogaink vannak, mit v\u00e1rhatunk el, stb. Mi\u00e9rt civil szervezeteken kereszt\u00fcl? Sokaknak van sz\u00fcks\u00e9ge seg\u00edts\u00e9gre, olyanoknak, akiket nem ismer\u00fcnk, akikkel nem tal\u00e1lkozunk, \u00e9s nem tudj\u00e1k elmondani nek\u00fcnk, pontosan mire van [&hellip;]","og_url":"https:\/\/futureg.sk\/hu\/civileknek\/","og_site_name":"FutuReg PT","article_modified_time":"2017-12-05T11:54:57+00:00","twitter_card":"summary_large_image","twitter_misc":{"Becs\u00fclt olvas\u00e1si id\u0151":"7 perc"},"schema":{"@context":"https:\/\/schema.org","@graph":[{"@type":"WebPage","@id":"https:\/\/futureg.sk\/hu\/civileknek\/","url":"https:\/\/futureg.sk\/hu\/civileknek\/","name":"Civileknek - FutuReg PT","isPartOf":{"@id":"https:\/\/futureg.sk\/hu\/#website"},"datePublished":"2017-11-21T11:50:03+00:00","dateModified":"2017-12-05T11:54:57+00:00","breadcrumb":{"@id":"https:\/\/futureg.sk\/hu\/civileknek\/#breadcrumb"},"inLanguage":"hu","potentialAction":[{"@type":"ReadAction","target":["https:\/\/futureg.sk\/hu\/civileknek\/"]}]},{"@type":"BreadcrumbList","@id":"https:\/\/futureg.sk\/hu\/civileknek\/#breadcrumb","itemListElement":[{"@type":"ListItem","position":1,"name":"Home","item":"https:\/\/futureg.sk\/hu\/"},{"@type":"ListItem","position":2,"name":"Civileknek"}]},{"@type":"WebSite","@id":"https:\/\/futureg.sk\/hu\/#website","url":"https:\/\/futureg.sk\/hu\/","name":"FutuReg PT","description":"R\u00e9gi\u00f3nk \u00e9s gyermekeink fejleszt\u00e9s\u00e9\u00e9rt","potentialAction":[{"@type":"SearchAction","target":{"@type":"EntryPoint","urlTemplate":"https:\/\/futureg.sk\/hu\/?s={search_term_string}"},"query-input":{"@type":"PropertyValueSpecification","valueRequired":true,"valueName":"search_term_string"}}],"inLanguage":"hu"}]}},"_links":{"self":[{"href":"https:\/\/futureg.sk\/hu\/wp-json\/wp\/v2\/pages\/84","targetHints":{"allow":["GET"]}}],"collection":[{"href":"https:\/\/futureg.sk\/hu\/wp-json\/wp\/v2\/pages"}],"about":[{"href":"https:\/\/futureg.sk\/hu\/wp-json\/wp\/v2\/types\/page"}],"author":[{"embeddable":true,"href":"https:\/\/futureg.sk\/hu\/wp-json\/wp\/v2\/users\/1"}],"replies":[{"embeddable":true,"href":"https:\/\/futureg.sk\/hu\/wp-json\/wp\/v2\/comments?post=84"}],"version-history":[{"count":3,"href":"https:\/\/futureg.sk\/hu\/wp-json\/wp\/v2\/pages\/84\/revisions"}],"predecessor-version":[{"id":110,"href":"https:\/\/futureg.sk\/hu\/wp-json\/wp\/v2\/pages\/84\/revisions\/110"}],"wp:attachment":[{"href":"https:\/\/futureg.sk\/hu\/wp-json\/wp\/v2\/media?parent=84"}],"curies":[{"name":"wp","href":"https:\/\/api.w.org\/{rel}","templated":true}]}}