{"id":549,"date":"2022-04-12T09:06:28","date_gmt":"2022-04-12T09:06:28","guid":{"rendered":"https:\/\/futureg.sk\/hu\/?page_id=549"},"modified":"2023-12-21T08:38:03","modified_gmt":"2023-12-21T08:38:03","slug":"wowit","status":"publish","type":"page","link":"https:\/\/futureg.sk\/hu\/projektek\/wowit\/","title":{"rendered":"WOWIT"},"content":{"rendered":"<h1>WOWIT &#8211; Lehet\u0151s\u00e9gteremt\u00e9s a n\u0151k sz\u00e1m\u00e1ra a munkaer\u0151piacon inkluz\u00edv technik\u00e1kkal<\/h1>\n<div dir=\"auto\"><img loading=\"lazy\" decoding=\"async\" class=\"thumb aligncenter\" src=\"https:\/\/img.freepik.com\/free-vector\/gender-wage-equality-business_74855-7396.jpg?t=st=1649755932~exp=1649756532~hmac=2f4bc128f4d157d03b00d8aba5ec7fa0e8e44988dde329126ce67c338f7d3a6e\" alt=\"Gender wage equality in business Free Vector\" width=\"626\" height=\"417\" data-pin-no-hover=\"true\" \/><\/div>\n<div dir=\"auto\"><\/div>\n<div dir=\"auto\">A projekt c\u00e9lja, hogy a n\u0151k, \u00e9s m\u00e1s h\u00e1tr\u00e1nyos helyzet\u0171 etnikai (roma) csoportok sz\u00e1m\u00e1ra lehet\u0151v\u00e9 tegye, hogy egyenl\u0151 es\u00e9lyekkel teremtsenek \u00e9rt\u00e9ket a munkaer\u0151piacon.<\/div>\n<div dir=\"auto\">A munkakeres\u00e9s vil\u00e1gszerte sokkal kem\u00e9nyebb feladat a n\u0151knek, mint f\u00e9rfit\u00e1rsaik sz\u00e1m\u00e1ra. Amikor siker\u00fcl elhelyezkedni\u00fck, akkor jellemz\u0151en alacsonyabb hozz\u00e1adott \u00e9rt\u00e9k\u0171 munk\u00e1t kapnak, valamint kiszolg\u00e1ltatott k\u00f6r\u00fclm\u00e9nyek k\u00f6z\u00f6tt k\u00e9nytelenek elv\u00e9gezni a r\u00e1juk b\u00edzott feladatokat. A k\u00f6zeli j\u00f6v\u0151ben ezen a t\u00e9ren nem sok v\u00e1ltoz\u00e1s v\u00e1rhat\u00f3.<\/div>\n<div dir=\"auto\">A WOWIT olyan inkluz\u00edv technol\u00f3gi\u00e1kkal rendelkezik, amelyek t\u00falmutatnak a mai gyakorlaton. Inform\u00e1ci\u00f3kat gy\u0171jt arr\u00f3l, hogy hogyan lehet lek\u00fczdeni az akad\u00e1lyokat, melyek visszatartj\u00e1k a n\u0151ket a k\u00e9pess\u00e9geiknek megfelel\u0151 poz\u00edci\u00f3kt\u00f3l.<\/div>\n<div dir=\"auto\">A projekt koordin\u00e1lja egy kism\u00e9ret\u0171 partneri oktat\u00f3i h\u00e1l\u00f3zat l\u00e9trehoz\u00e1s\u00e1t tr\u00e9ningek, szemin\u00e1riumok, workshopok, konferenci\u00e1k, \u00e9s p\u00e1rbesz\u00e9dek megszervez\u00e9s\u00e9vel, valamint inkluz\u00edv technik\u00e1kkal. Els\u0151sorban a nemek k\u00f6z\u00f6tti egyenl\u0151s\u00e9g tudatos biztos\u00edt\u00e1s\u00e1t c\u00e9lozza a munkaer\u0151piacon a n\u0151k t\u00e1mogat\u00e1s\u00e1n kereszt\u00fcl. A projekt fontos r\u00e9sz\u00e9t k\u00e9pzik azok a tev\u00e9kenys\u00e9gek, amelyek c\u00e9lja a nemek k\u00f6z\u00f6tti egyenl\u0151s\u00e9get akad\u00e1lyoz\u00f3 nemi sztereot\u00edpi\u00e1k felsz\u00e1mol\u00e1sa.<\/div>\n<div dir=\"auto\"><\/div>\n<div dir=\"auto\">A projekt \u00edgy el\u0151seg\u00edti, \u00e9s a tudatoss\u00e1g t\u00f6bbsz\u00f6r\u00f6sen megsokszorozza a nemek k\u00f6z\u00f6tti egyenl\u0151s\u00e9g szintj\u00e9t.<\/div>\n<div dir=\"auto\"><\/div>\n<div dir=\"auto\">A kis m\u00e9ret\u0171 egy\u00fcttm\u0171k\u00f6d\u00e9s partnerei:<\/div>\n<div dir=\"auto\"><\/div>\n<div dir=\"auto\"><\/div>\n<div dir=\"auto\">\n<div class=\"b-l-image logo-image\">\n<div class=\"b-l-image-w logo-image-cell\"><a href=\"https:\/\/www.rovnovazka.cz\/\"><img loading=\"lazy\" decoding=\"async\" class=\"wnd-logo-img\" src=\"https:\/\/d6scj24zvfbbo.cloudfront.net\/23edcefda08666bd40bd904e954ffd19\/200000016-6121461217\/450\/IMG_0795.jpg?ph=0b8101264c\" alt=\"\" width=\"143\" height=\"135\" data-original-width=\"1792\" data-original-height=\"1689\" \/><\/a><\/div>\n<div><\/div>\n<\/div>\n<div class=\"b-l-br logo-br\"><\/div>\n<div class=\"b-l-text logo-text-wrapper\">\n<div class=\"b-l-text-w logo-text\"><a href=\"https:\/\/www.rovnovazka.cz\/\"><span class=\"b-l-text-c logo-text-cell\"><strong>ROVNOV\u00c1\u017dKA, Z.S.<\/strong><\/span><\/a><\/div>\n<div><\/div>\n<\/div>\n<div><\/div>\n<\/div>\n<div><a href=\"https:\/\/drustvo-novus.com\/\"><img decoding=\"async\" class=\"alignnone\" src=\"https:\/\/drustvo-novus.com\/static\/img\/drustvo-novus.svg\" alt=\"Regionalno sti\u010di\u0161\u010de Novus\" \/><\/a><\/div>\n<div><\/div>\n<div><\/div>\n<div style=\"text-align: left\"><\/div>\n<div><a href=\"http:\/\/www.drustvo-novus.com\"><strong>DRUZSTVO NOVUS\u00a0<\/strong><\/a><\/div>\n<div><\/div>\n<div><a href=\"https:\/\/www.youtube.com\/watch?v=5nd3225eHVg\">Vide\u00f3 \u00f6sszefoglal\u00f3 a WOWIT konferenci\u00e1r\u00f3l<\/a><\/div>\n<div><a href=\"https:\/\/www.youtube.com\/watch?v=kFKEftN2FNc\">Vide\u00f3 \u00f6sszefoglal\u00f3 a WOWIT workshopj\u00e1r\u00f3l<\/a><\/div>\n<div><\/div>\n<div>\n<p><a href=\"https:\/\/drive.google.com\/drive\/u\/3\/folders\/1BGURUFDWI0OXWfh0MN_xXvpUp7aYK0KM\"><strong>Szabadon el\u00e9rhet\u0151 dokumentumok<\/strong><\/a><\/p>\n<p><a href=\"https:\/\/futureg.sk\/en\/media-wowit\/\"><strong>M\u00e9diamegjelen\u00e9s<\/strong><\/a><\/p>\n<p><strong>NETWORKING<\/strong><\/p>\n<p><a href=\"https:\/\/futureg.sk\/hu\/wowit-talalkozo-ostrava\/\">1.1. Kickoff Meeting Ostrava<\/a><\/p>\n<p><a href=\"https:\/\/futureg.sk\/hu\/656-2\/\">1.2. Best Practice Guide<\/a><\/p>\n<p><a href=\"https:\/\/futureg.sk\/hu\/wowit-projektmenedzsment\/\">1.3 Projektmenedzsment<\/a><\/p>\n<p><a href=\"https:\/\/futureg.sk\/hu\/wowit-ecg\/\">1.4. Evaluation Grid<\/a><\/p>\n<p><strong>EDUCATION<\/strong><\/p>\n<p><a href=\"https:\/\/futureg.sk\/hu\/wowit-konferencia-dunaszerdahely-2022-junius-8\/\">2.1. Seminar of Experts<\/a><\/p>\n<p><a href=\"https:\/\/futureg.sk\/hu\/wowit-trenerek-treningje-dunaszerdahelyen\/\">2.2.Training of Trainers<\/a><\/p>\n<p><a href=\"https:\/\/futureg.sk\/hu\/wowit-course-book\/\">2.3. Coursebook for development<\/a><\/p>\n<p><a href=\"https:\/\/futureg.sk\/hu\/workshop-a-munkanelkuli-nok-szamara\/\">2.4. Workshop<\/a><\/p>\n<p>A projekt az Eur\u00f3pai \u00dani\u00f3 t\u00e1mogat\u00e1s\u00e1val j\u00f6tt l\u00e9tre \u2013 2021-1-SK01-KA210-ADU-000034089<\/p>\n<p><img loading=\"lazy\" decoding=\"async\" class=\"alignnone size-medium wp-image-737\" src=\"https:\/\/futureg.sk\/hu\/wp-content\/uploads\/sites\/2\/2023\/05\/EN-Co-funded-by-the-EU_POS-300x63.jpg\" alt=\"\" width=\"300\" height=\"63\" srcset=\"https:\/\/futureg.sk\/hu\/wp-content\/uploads\/sites\/2\/2023\/05\/EN-Co-funded-by-the-EU_POS-300x63.jpg 300w, https:\/\/futureg.sk\/hu\/wp-content\/uploads\/sites\/2\/2023\/05\/EN-Co-funded-by-the-EU_POS-1024x215.jpg 1024w, https:\/\/futureg.sk\/hu\/wp-content\/uploads\/sites\/2\/2023\/05\/EN-Co-funded-by-the-EU_POS-768x161.jpg 768w, https:\/\/futureg.sk\/hu\/wp-content\/uploads\/sites\/2\/2023\/05\/EN-Co-funded-by-the-EU_POS-1536x322.jpg 1536w, https:\/\/futureg.sk\/hu\/wp-content\/uploads\/sites\/2\/2023\/05\/EN-Co-funded-by-the-EU_POS-2048x430.jpg 2048w\" sizes=\"auto, (max-width: 300px) 100vw, 300px\" \/><\/p>\n<p><img loading=\"lazy\" decoding=\"async\" class=\"alignnone size-medium wp-image-673\" src=\"https:\/\/futureg.sk\/hu\/wp-content\/uploads\/sites\/2\/2023\/01\/Copy-of-1200px-Erasmus_Logo.svg1_-300x86.png\" alt=\"\" width=\"300\" height=\"86\" srcset=\"https:\/\/futureg.sk\/hu\/wp-content\/uploads\/sites\/2\/2023\/01\/Copy-of-1200px-Erasmus_Logo.svg1_-300x86.png 300w, https:\/\/futureg.sk\/hu\/wp-content\/uploads\/sites\/2\/2023\/01\/Copy-of-1200px-Erasmus_Logo.svg1_-1024x294.png 1024w, https:\/\/futureg.sk\/hu\/wp-content\/uploads\/sites\/2\/2023\/01\/Copy-of-1200px-Erasmus_Logo.svg1_-768x220.png 768w, https:\/\/futureg.sk\/hu\/wp-content\/uploads\/sites\/2\/2023\/01\/Copy-of-1200px-Erasmus_Logo.svg1_.png 1200w\" sizes=\"auto, (max-width: 300px) 100vw, 300px\" \/><\/p>\n<\/div>\n","protected":false},"excerpt":{"rendered":"<p>WOWIT &#8211; Lehet\u0151s\u00e9gteremt\u00e9s a n\u0151k sz\u00e1m\u00e1ra a munkaer\u0151piacon inkluz\u00edv technik\u00e1kkal A projekt c\u00e9lja, hogy a n\u0151k, \u00e9s m\u00e1s h\u00e1tr\u00e1nyos helyzet\u0171 etnikai (roma) csoportok sz\u00e1m\u00e1ra lehet\u0151v\u00e9 tegye, hogy egyenl\u0151 es\u00e9lyekkel teremtsenek \u00e9rt\u00e9ket a munkaer\u0151piacon. A munkakeres\u00e9s vil\u00e1gszerte sokkal kem\u00e9nyebb feladat a n\u0151knek, mint f\u00e9rfit\u00e1rsaik sz\u00e1m\u00e1ra. Amikor siker\u00fcl elhelyezkedni\u00fck, akkor jellemz\u0151en alacsonyabb hozz\u00e1adott \u00e9rt\u00e9k\u0171 munk\u00e1t kapnak, valamint [&hellip;]<\/p>\n","protected":false},"author":1,"featured_media":0,"parent":14,"menu_order":0,"comment_status":"closed","ping_status":"closed","template":"","meta":{"_monsterinsights_skip_tracking":false,"_monsterinsights_sitenote_active":false,"_monsterinsights_sitenote_note":"","_monsterinsights_sitenote_category":0,"footnotes":""},"class_list":["post-549","page","type-page","status-publish","hentry"],"yoast_head":"<!-- This site is optimized with the Yoast SEO plugin v26.1.1 - https:\/\/yoast.com\/wordpress\/plugins\/seo\/ -->\n<title>WOWIT - FutuReg PT<\/title>\n<meta name=\"robots\" content=\"index, follow, max-snippet:-1, max-image-preview:large, max-video-preview:-1\" \/>\n<link rel=\"canonical\" href=\"https:\/\/futureg.sk\/hu\/projektek\/wowit\/\" \/>\n<meta property=\"og:locale\" content=\"hu_HU\" \/>\n<meta property=\"og:type\" content=\"article\" \/>\n<meta property=\"og:title\" content=\"WOWIT - FutuReg PT\" \/>\n<meta property=\"og:description\" content=\"WOWIT &#8211; Lehet\u0151s\u00e9gteremt\u00e9s a n\u0151k sz\u00e1m\u00e1ra a munkaer\u0151piacon inkluz\u00edv technik\u00e1kkal A projekt c\u00e9lja, hogy a n\u0151k, \u00e9s m\u00e1s h\u00e1tr\u00e1nyos helyzet\u0171 etnikai (roma) csoportok sz\u00e1m\u00e1ra lehet\u0151v\u00e9 tegye, hogy egyenl\u0151 es\u00e9lyekkel teremtsenek \u00e9rt\u00e9ket a munkaer\u0151piacon. A munkakeres\u00e9s vil\u00e1gszerte sokkal kem\u00e9nyebb feladat a n\u0151knek, mint f\u00e9rfit\u00e1rsaik sz\u00e1m\u00e1ra. Amikor siker\u00fcl elhelyezkedni\u00fck, akkor jellemz\u0151en alacsonyabb hozz\u00e1adott \u00e9rt\u00e9k\u0171 munk\u00e1t kapnak, valamint [&hellip;]\" \/>\n<meta property=\"og:url\" content=\"https:\/\/futureg.sk\/hu\/projektek\/wowit\/\" \/>\n<meta property=\"og:site_name\" content=\"FutuReg PT\" \/>\n<meta property=\"article:modified_time\" content=\"2023-12-21T08:38:03+00:00\" \/>\n<meta property=\"og:image\" content=\"https:\/\/img.freepik.com\/free-vector\/gender-wage-equality-business_74855-7396.jpg?t=st=1649755932~exp=1649756532~hmac=2f4bc128f4d157d03b00d8aba5ec7fa0e8e44988dde329126ce67c338f7d3a6e\" \/>\n<meta name=\"twitter:card\" content=\"summary_large_image\" \/>\n<meta name=\"twitter:label1\" content=\"Becs\u00fclt olvas\u00e1si id\u0151\" \/>\n\t<meta name=\"twitter:data1\" content=\"3 perc\" \/>\n<script type=\"application\/ld+json\" class=\"yoast-schema-graph\">{\"@context\":\"https:\/\/schema.org\",\"@graph\":[{\"@type\":\"WebPage\",\"@id\":\"https:\/\/futureg.sk\/hu\/projektek\/wowit\/\",\"url\":\"https:\/\/futureg.sk\/hu\/projektek\/wowit\/\",\"name\":\"WOWIT - FutuReg PT\",\"isPartOf\":{\"@id\":\"https:\/\/futureg.sk\/hu\/#website\"},\"primaryImageOfPage\":{\"@id\":\"https:\/\/futureg.sk\/hu\/projektek\/wowit\/#primaryimage\"},\"image\":{\"@id\":\"https:\/\/futureg.sk\/hu\/projektek\/wowit\/#primaryimage\"},\"thumbnailUrl\":\"https:\/\/img.freepik.com\/free-vector\/gender-wage-equality-business_74855-7396.jpg?t=st=1649755932~exp=1649756532~hmac=2f4bc128f4d157d03b00d8aba5ec7fa0e8e44988dde329126ce67c338f7d3a6e\",\"datePublished\":\"2022-04-12T09:06:28+00:00\",\"dateModified\":\"2023-12-21T08:38:03+00:00\",\"breadcrumb\":{\"@id\":\"https:\/\/futureg.sk\/hu\/projektek\/wowit\/#breadcrumb\"},\"inLanguage\":\"hu\",\"potentialAction\":[{\"@type\":\"ReadAction\",\"target\":[\"https:\/\/futureg.sk\/hu\/projektek\/wowit\/\"]}]},{\"@type\":\"ImageObject\",\"inLanguage\":\"hu\",\"@id\":\"https:\/\/futureg.sk\/hu\/projektek\/wowit\/#primaryimage\",\"url\":\"https:\/\/img.freepik.com\/free-vector\/gender-wage-equality-business_74855-7396.jpg?t=st=1649755932~exp=1649756532~hmac=2f4bc128f4d157d03b00d8aba5ec7fa0e8e44988dde329126ce67c338f7d3a6e\",\"contentUrl\":\"https:\/\/img.freepik.com\/free-vector\/gender-wage-equality-business_74855-7396.jpg?t=st=1649755932~exp=1649756532~hmac=2f4bc128f4d157d03b00d8aba5ec7fa0e8e44988dde329126ce67c338f7d3a6e\"},{\"@type\":\"BreadcrumbList\",\"@id\":\"https:\/\/futureg.sk\/hu\/projektek\/wowit\/#breadcrumb\",\"itemListElement\":[{\"@type\":\"ListItem\",\"position\":1,\"name\":\"Home\",\"item\":\"https:\/\/futureg.sk\/hu\/\"},{\"@type\":\"ListItem\",\"position\":2,\"name\":\"Projektek\",\"item\":\"https:\/\/futureg.sk\/hu\/projektek\/\"},{\"@type\":\"ListItem\",\"position\":3,\"name\":\"WOWIT\"}]},{\"@type\":\"WebSite\",\"@id\":\"https:\/\/futureg.sk\/hu\/#website\",\"url\":\"https:\/\/futureg.sk\/hu\/\",\"name\":\"FutuReg PT\",\"description\":\"R\u00e9gi\u00f3nk \u00e9s gyermekeink fejleszt\u00e9s\u00e9\u00e9rt\",\"potentialAction\":[{\"@type\":\"SearchAction\",\"target\":{\"@type\":\"EntryPoint\",\"urlTemplate\":\"https:\/\/futureg.sk\/hu\/?s={search_term_string}\"},\"query-input\":{\"@type\":\"PropertyValueSpecification\",\"valueRequired\":true,\"valueName\":\"search_term_string\"}}],\"inLanguage\":\"hu\"}]}<\/script>\n<!-- \/ Yoast SEO plugin. -->","yoast_head_json":{"title":"WOWIT - FutuReg PT","robots":{"index":"index","follow":"follow","max-snippet":"max-snippet:-1","max-image-preview":"max-image-preview:large","max-video-preview":"max-video-preview:-1"},"canonical":"https:\/\/futureg.sk\/hu\/projektek\/wowit\/","og_locale":"hu_HU","og_type":"article","og_title":"WOWIT - FutuReg PT","og_description":"WOWIT &#8211; Lehet\u0151s\u00e9gteremt\u00e9s a n\u0151k sz\u00e1m\u00e1ra a munkaer\u0151piacon inkluz\u00edv technik\u00e1kkal A projekt c\u00e9lja, hogy a n\u0151k, \u00e9s m\u00e1s h\u00e1tr\u00e1nyos helyzet\u0171 etnikai (roma) csoportok sz\u00e1m\u00e1ra lehet\u0151v\u00e9 tegye, hogy egyenl\u0151 es\u00e9lyekkel teremtsenek \u00e9rt\u00e9ket a munkaer\u0151piacon. A munkakeres\u00e9s vil\u00e1gszerte sokkal kem\u00e9nyebb feladat a n\u0151knek, mint f\u00e9rfit\u00e1rsaik sz\u00e1m\u00e1ra. Amikor siker\u00fcl elhelyezkedni\u00fck, akkor jellemz\u0151en alacsonyabb hozz\u00e1adott \u00e9rt\u00e9k\u0171 munk\u00e1t kapnak, valamint [&hellip;]","og_url":"https:\/\/futureg.sk\/hu\/projektek\/wowit\/","og_site_name":"FutuReg PT","article_modified_time":"2023-12-21T08:38:03+00:00","og_image":[{"url":"https:\/\/img.freepik.com\/free-vector\/gender-wage-equality-business_74855-7396.jpg?t=st=1649755932~exp=1649756532~hmac=2f4bc128f4d157d03b00d8aba5ec7fa0e8e44988dde329126ce67c338f7d3a6e","type":"","width":"","height":""}],"twitter_card":"summary_large_image","twitter_misc":{"Becs\u00fclt olvas\u00e1si id\u0151":"3 perc"},"schema":{"@context":"https:\/\/schema.org","@graph":[{"@type":"WebPage","@id":"https:\/\/futureg.sk\/hu\/projektek\/wowit\/","url":"https:\/\/futureg.sk\/hu\/projektek\/wowit\/","name":"WOWIT - FutuReg PT","isPartOf":{"@id":"https:\/\/futureg.sk\/hu\/#website"},"primaryImageOfPage":{"@id":"https:\/\/futureg.sk\/hu\/projektek\/wowit\/#primaryimage"},"image":{"@id":"https:\/\/futureg.sk\/hu\/projektek\/wowit\/#primaryimage"},"thumbnailUrl":"https:\/\/img.freepik.com\/free-vector\/gender-wage-equality-business_74855-7396.jpg?t=st=1649755932~exp=1649756532~hmac=2f4bc128f4d157d03b00d8aba5ec7fa0e8e44988dde329126ce67c338f7d3a6e","datePublished":"2022-04-12T09:06:28+00:00","dateModified":"2023-12-21T08:38:03+00:00","breadcrumb":{"@id":"https:\/\/futureg.sk\/hu\/projektek\/wowit\/#breadcrumb"},"inLanguage":"hu","potentialAction":[{"@type":"ReadAction","target":["https:\/\/futureg.sk\/hu\/projektek\/wowit\/"]}]},{"@type":"ImageObject","inLanguage":"hu","@id":"https:\/\/futureg.sk\/hu\/projektek\/wowit\/#primaryimage","url":"https:\/\/img.freepik.com\/free-vector\/gender-wage-equality-business_74855-7396.jpg?t=st=1649755932~exp=1649756532~hmac=2f4bc128f4d157d03b00d8aba5ec7fa0e8e44988dde329126ce67c338f7d3a6e","contentUrl":"https:\/\/img.freepik.com\/free-vector\/gender-wage-equality-business_74855-7396.jpg?t=st=1649755932~exp=1649756532~hmac=2f4bc128f4d157d03b00d8aba5ec7fa0e8e44988dde329126ce67c338f7d3a6e"},{"@type":"BreadcrumbList","@id":"https:\/\/futureg.sk\/hu\/projektek\/wowit\/#breadcrumb","itemListElement":[{"@type":"ListItem","position":1,"name":"Home","item":"https:\/\/futureg.sk\/hu\/"},{"@type":"ListItem","position":2,"name":"Projektek","item":"https:\/\/futureg.sk\/hu\/projektek\/"},{"@type":"ListItem","position":3,"name":"WOWIT"}]},{"@type":"WebSite","@id":"https:\/\/futureg.sk\/hu\/#website","url":"https:\/\/futureg.sk\/hu\/","name":"FutuReg PT","description":"R\u00e9gi\u00f3nk \u00e9s gyermekeink fejleszt\u00e9s\u00e9\u00e9rt","potentialAction":[{"@type":"SearchAction","target":{"@type":"EntryPoint","urlTemplate":"https:\/\/futureg.sk\/hu\/?s={search_term_string}"},"query-input":{"@type":"PropertyValueSpecification","valueRequired":true,"valueName":"search_term_string"}}],"inLanguage":"hu"}]}},"_links":{"self":[{"href":"https:\/\/futureg.sk\/hu\/wp-json\/wp\/v2\/pages\/549","targetHints":{"allow":["GET"]}}],"collection":[{"href":"https:\/\/futureg.sk\/hu\/wp-json\/wp\/v2\/pages"}],"about":[{"href":"https:\/\/futureg.sk\/hu\/wp-json\/wp\/v2\/types\/page"}],"author":[{"embeddable":true,"href":"https:\/\/futureg.sk\/hu\/wp-json\/wp\/v2\/users\/1"}],"replies":[{"embeddable":true,"href":"https:\/\/futureg.sk\/hu\/wp-json\/wp\/v2\/comments?post=549"}],"version-history":[{"count":7,"href":"https:\/\/futureg.sk\/hu\/wp-json\/wp\/v2\/pages\/549\/revisions"}],"predecessor-version":[{"id":820,"href":"https:\/\/futureg.sk\/hu\/wp-json\/wp\/v2\/pages\/549\/revisions\/820"}],"up":[{"embeddable":true,"href":"https:\/\/futureg.sk\/hu\/wp-json\/wp\/v2\/pages\/14"}],"wp:attachment":[{"href":"https:\/\/futureg.sk\/hu\/wp-json\/wp\/v2\/media?parent=549"}],"curies":[{"name":"wp","href":"https:\/\/api.w.org\/{rel}","templated":true}]}}