{"id":364,"date":"2020-10-10T22:36:36","date_gmt":"2020-10-10T22:36:36","guid":{"rendered":"http:\/\/futureg.sk\/hu\/?page_id=364"},"modified":"2021-12-20T18:37:22","modified_gmt":"2021-12-20T18:37:22","slug":"tolerancia","status":"publish","type":"page","link":"https:\/\/futureg.sk\/hu\/tolerancia\/","title":{"rendered":"Tolerancia"},"content":{"rendered":"<section class=\"block block-layout-builder block-field-blocknodecikkbody\" data-block-plugin-id=\"field_block:node:cikk:body\">\n<div class=\"field-wrapper body field field-node--body field-name-body field-type-text-with-summary field-label-hidden\">\n<h2><span class=\"innertext_row\">Multikult\u00fara \u00e9s a gyerekek 2021<\/span><\/h2>\n<p>MULTIKULT\u00daRA A DETI 2021<\/p>\n<p><a href=\"http:\/\/futureg.sk\/tolerancia\/du8\/\" rel=\"attachment wp-att-1021\"><img loading=\"lazy\" decoding=\"async\" class=\"alignnone size-medium wp-image-1021\" src=\"http:\/\/futureg.sk\/wp-content\/uploads\/2021\/12\/du8-300x225.jpg\" alt=\"\" width=\"300\" height=\"225\" \/><\/a><\/p>\n<p>A Multikult\u00fara \u00e9s gyermekek projekt c\u00e9lja a t\u00f6bbkult\u00far\u00e1j\u00fas\u00e1g ter\u00fclet\u00e9n szervezett szakmai szemin\u00e1riumok \u00e9s m\u0171helymunk\u00e1k iskol\u00e1soknak val\u00f3 bemutat\u00e1sa volt. A tolerancia \u00e9s a nemi diszkriminci\u00f3, es\u00e9lyegyenl\u0151s\u00e9g vagy megk\u00fcl\u00f6nb\u00f6ztet\u00e9s mentess\u00e9g, valamint a rasszizmus visszaszor\u00edt\u00e1sa alapvet\u0151 jog m\u00e9lt\u00f3s\u00e1gteljes t\u00e1rsadalmunk sz\u00e1m\u00e1ra. A szervezett besz\u00e9lget\u00e9sek az etnikailag vegyes lakoss\u00e1g\u00fa ter\u00fcleteken \u00e9l\u0151 gyermekek szellemi fejl\u0151d\u00e9s\u00e9re \u00e9s a nem k\u00edv\u00e1natos jelens\u00e9gek felsz\u00e1mol\u00e1s\u00e1ra ir\u00e1nyultak t\u00f6bbnemzetis\u00e9g\u0171 helys\u00e9gekben. A projekt c\u00e9lja volt, hogy megbesz\u00e9l\u00e9sek sorozat\u00e1t szervezze interetnikus t\u00e9m\u00e1kkal, kult\u00far\u00e1val \u00e9s csal\u00e1di viszonyokkal. A r\u00e9sztvev\u0151k magyar, roma \u00e9s szlov\u00e1k nemzetis\u00e9g\u0171 gyermekek voltak. A fenti t\u00e9m\u00e1k mellett a szemin\u00e1riumok tartalma a www.minoritykids.sk port\u00e1l n\u00e9h\u00e1ny t\u00e9m\u00e1j\u00e1t is tartalmazta, a k\u00f6z\u00f6s kult\u00far\u00e1ra helyezve a hangs\u00falyt. A tal\u00e1lkoz\u00f3k f\u0151k\u00e9pp a Csall\u00f3k\u00f6zi r\u00e9gi\u00f3 lak\u00f3it hozt\u00e1k \u00f6ssze, ahol k\u00fcl\u00f6nf\u00e9le nemzetis\u00e9geknek \u00e9lnek, k\u00fcl\u00f6n\u00f6sen szlov\u00e1koknak, magyaroknak \u00e9s rom\u00e1knak van t\u00f6rt\u00e9nelmi hely\u00fck.<\/p>\n<p>&nbsp;<\/p>\n<h1>A projekt bemutat\u00e1sa<\/h1>\n<p>A projekt eredm\u00e9nyei multikultur\u00e1lis esem\u00e9nyek voltak: &#8211; interetnikus szemin\u00e1riumok \u2013 besz\u00e9lget\u00e9sek \u00e9s vit\u00e1k a multikulturalizmusr\u00f3l, az esem\u00e9nyek t\u00e9m\u00e1i alapj\u00e1n:<\/p>\n<ol>\n<li>Roma gyerekek \u00e9s a sz\u00ednes vil\u00e1g \u2013 Pozsonyi Duna utca (2021.6.23)<\/li>\n<li>Magyar gyerekek \u00e9s roma gyerekek \u2013 Nagymagyar (2021.6.25)<\/li>\n<li>Szlov\u00e1k, roma \u00e9s magyar gyerekek &#8211; Pozsonyp\u00fcsp\u00f6k (2021.6.28)<\/li>\n<\/ol>\n<p>A tal\u00e1lkoz\u00f3k c\u00e9lja a gyermekek megismertet\u00e9se volt az \u00e1ltal\u00e1nos jogaikkal, a nemzeti kisebbs\u00e9gekhez tartoz\u00f3 szem\u00e9lyek jogaival \u00e9s a t\u00f6bbnemzetis\u00e9g\u0171 t\u00e1rsadalom megnyilv\u00e1nul\u00e1saival.<br \/>\nAz esem\u00e9nyek c\u00e9lja a multietnizmus fenntart\u00e1sa ir\u00e1nti \u00e9rdekl\u0151d\u00e9s bemutat\u00e1sa volt, valamint a k\u00f6lcs\u00f6n\u00f6s tolerancia, a b\u00e9k\u00e9s egy\u00fctt\u00e9l\u00e9s \u00e9s a gyermekek \u00e9s feln\u0151ttek k\u00f6z\u00f6tti megk\u00fcl\u00f6nb\u00f6ztet\u00e9s vagy rasszizmus felsz\u00e1mol\u00e1s\u00e1nak sz\u00fcks\u00e9gess\u00e9g\u00e9nek bemutat\u00e1sa. Ugyanakkor bemutattuk a gyerekeknek, hogyan m\u0171k\u00f6dik a Minority Kids online projekt. A c\u00e9lcsoport 10 &#8211; 18 \u00e9ves gyermekek, sz\u00fcl\u0151k, de tan\u00e1rok is jelen voltak, akik nagyon fontosak a gyermeknevel\u00e9s folyamat\u00e1ban. Az esem\u00e9nyek r\u00e9v\u00e9n r\u00e1mutattunk azokra a val\u00f3s vesz\u00e9lyekre, amelyek az intolerancia, a diszkrimin\u00e1ci\u00f3 \u00fajj\u00e1\u00e9led\u00e9s\u00e9b\u0151l \u00e9s a konstrukt\u00edv kommunik\u00e1ci\u00f3 hanyatl\u00e1s\u00e1b\u00f3l fakadnak.<\/p>\n<p><a href=\"https:\/\/futureg.sk\/hu\/tolerancia\/zarojelentes-multikulturalitas-es-a-gyerekek-kultminor\/\" rel=\"attachment wp-att-516\">Zarojelentes Multikulturalitas es a gyerekek KULTMINOR<\/a><\/p>\n<p>A projektet a Kisebbs\u00e9gi Kultur\u00e1li Alap t\u00e1mogatta.<\/p>\n<p><a href=\"http:\/\/futureg.sk\/podporili-nas-2\/kult-minor-logo\/\" rel=\"attachment wp-att-634\"><img loading=\"lazy\" decoding=\"async\" class=\"alignnone size-full wp-image-634\" src=\"http:\/\/futureg.sk\/wp-content\/uploads\/2018\/11\/kult-minor-logo.png\" alt=\"\" width=\"267\" height=\"99\" \/><\/a><\/p>\n<p><a href=\"https:\/\/www.bumm.sk\/regio\/2021\/07\/05\/tolerancia-es-emberi-jogok-gyermeknyelven\">https:\/\/www.bumm.sk\/regio\/2021\/07\/05\/tolerancia-es-emberi-jogok-gyermeknyelven<\/a><\/p>\n<p><a href=\"http:\/\/futureg.sk\/tolerancia\/01projekt\/\" rel=\"attachment wp-att-1022\"><img loading=\"lazy\" decoding=\"async\" class=\"alignnone size-medium wp-image-1022\" src=\"http:\/\/futureg.sk\/wp-content\/uploads\/2021\/12\/01projekt-225x300.jpg\" alt=\"\" width=\"225\" height=\"300\" \/><\/a><a href=\"http:\/\/futureg.sk\/tolerancia\/du11\/\" rel=\"attachment wp-att-1023\"><img loading=\"lazy\" decoding=\"async\" class=\"alignnone size-medium wp-image-1023\" src=\"http:\/\/futureg.sk\/wp-content\/uploads\/2021\/12\/du11-225x300.jpg\" alt=\"\" width=\"225\" height=\"300\" \/><\/a><\/p>\n<h2><span class=\"innertext_row\">TOLERANCIA<\/span><\/h2>\n<blockquote><p><span class=\"innertext_row\">Az Multikult\u00fara \u00e9s gyerekek &#8211; Tolerancia projekt c\u00e9lja megtan\u00edtani a gyerekeket a kommunik\u00e1ci\u00f3ra,\u00a0 hogy k\u00e9pesek legyenek kifejezni v\u00e9lem\u00e9ny\u00fcket a toleranci\u00e1r\u00f3l a t\u00e1rsadalomban \u00e9s a mag\u00e1n\u00e9letben. Ugyanakkor a gyerekek ez \u00faton megismerkedhetnek k\u00fcl\u00f6nb\u00f6z\u0151 nemzetis\u00e9g\u0171 sikeres szem\u00e9lyis\u00e9gekkel is. A projekt keret\u00e9ben\u00a0 multikultur\u00e1lis napot Pozsonyban, Dunaszerdahelyen \u00e9s Tall\u00f3son rendeztek a szervez\u0151k. A projektet a Kisebbs\u00e9gi Kultur\u00e1lis Alap T\u00e1mogatta.<br \/>\n<\/span><\/p>\n<p>A projekt sor\u00e1n k\u00e9sz\u00fclt felm\u00e9r\u00e9s z\u00e1r\u00f3jelent\u00e9se\u00a0<a href=\"https:\/\/futureg.sk\/hu\/tolerancia\/zarojelentes_tolerancia\/\" rel=\"attachment wp-att-416\">Zarojelentes_Tolerancia<\/a> let\u00f6lthet\u0151.<\/p>\n<p><a href=\"https:\/\/ma7.sk\/tajaink\/hogyan-tanitsunk-toleranciat-mar-gyerekkorban\">https:\/\/ma7.sk\/tajaink\/hogyan-tanitsunk-toleranciat-mar-gyerekkorban<\/a><\/p>\n<p><a href=\"https:\/\/www.bumm.sk\/regio\/2020\/10\/05\/hogyan-tanitsunk-toleranciat-mar-gyerekkorban\">https:\/\/www.bumm.sk\/regio\/2020\/10\/05\/hogyan-tanitsunk-toleranciat-mar-gyerekkorban<\/a><\/p>\n<p><a href=\"https:\/\/futureg.sk\/hu\/tolerancia-es-a-gyerekek\/tolerancia-es-a-gyerkekek\/\" rel=\"https:\/\/futureg.sk\/hu\/tolerancia\/zarojelentes_tolerancia\/\"><img loading=\"lazy\" decoding=\"async\" class=\"alignnone wp-image-339 size-medium\" src=\"https:\/\/futureg.sk\/hu\/wp-content\/uploads\/sites\/2\/2020\/09\/Tolerancia-es-a-gyerkekek-300x300.jpg\" alt=\"https:\/\/futureg.sk\/hu\/tolerancia\/zarojelentes_tolerancia\/\" width=\"300\" height=\"300\" srcset=\"https:\/\/futureg.sk\/hu\/wp-content\/uploads\/sites\/2\/2020\/09\/Tolerancia-es-a-gyerkekek-300x300.jpg 300w, https:\/\/futureg.sk\/hu\/wp-content\/uploads\/sites\/2\/2020\/09\/Tolerancia-es-a-gyerkekek-150x150.jpg 150w, https:\/\/futureg.sk\/hu\/wp-content\/uploads\/sites\/2\/2020\/09\/Tolerancia-es-a-gyerkekek.jpg 500w\" sizes=\"auto, (max-width: 300px) 100vw, 300px\" \/><\/a><\/p><\/blockquote>\n<\/div>\n<\/section>\n","protected":false},"excerpt":{"rendered":"<p>Multikult\u00fara \u00e9s a gyerekek 2021 MULTIKULT\u00daRA A DETI 2021 A Multikult\u00fara \u00e9s gyermekek projekt c\u00e9lja a t\u00f6bbkult\u00far\u00e1j\u00fas\u00e1g ter\u00fclet\u00e9n szervezett szakmai szemin\u00e1riumok \u00e9s m\u0171helymunk\u00e1k iskol\u00e1soknak val\u00f3 bemutat\u00e1sa volt. A tolerancia \u00e9s a nemi diszkriminci\u00f3, es\u00e9lyegyenl\u0151s\u00e9g vagy megk\u00fcl\u00f6nb\u00f6ztet\u00e9s mentess\u00e9g, valamint a rasszizmus visszaszor\u00edt\u00e1sa alapvet\u0151 jog m\u00e9lt\u00f3s\u00e1gteljes t\u00e1rsadalmunk sz\u00e1m\u00e1ra. A szervezett besz\u00e9lget\u00e9sek az etnikailag vegyes lakoss\u00e1g\u00fa ter\u00fcleteken \u00e9l\u0151 [&hellip;]<\/p>\n","protected":false},"author":1,"featured_media":0,"parent":0,"menu_order":0,"comment_status":"closed","ping_status":"closed","template":"","meta":{"_monsterinsights_skip_tracking":false,"_monsterinsights_sitenote_active":false,"_monsterinsights_sitenote_note":"","_monsterinsights_sitenote_category":0,"footnotes":""},"class_list":["post-364","page","type-page","status-publish","hentry"],"yoast_head":"<!-- This site is optimized with the Yoast SEO plugin v26.1.1 - https:\/\/yoast.com\/wordpress\/plugins\/seo\/ -->\n<title>Tolerancia - FutuReg PT<\/title>\n<meta name=\"robots\" content=\"index, follow, max-snippet:-1, max-image-preview:large, max-video-preview:-1\" \/>\n<link rel=\"canonical\" href=\"https:\/\/futureg.sk\/hu\/tolerancia\/\" \/>\n<meta property=\"og:locale\" content=\"hu_HU\" \/>\n<meta property=\"og:type\" content=\"article\" \/>\n<meta property=\"og:title\" content=\"Tolerancia - FutuReg PT\" \/>\n<meta property=\"og:description\" content=\"Multikult\u00fara \u00e9s a gyerekek 2021 MULTIKULT\u00daRA A DETI 2021 A Multikult\u00fara \u00e9s gyermekek projekt c\u00e9lja a t\u00f6bbkult\u00far\u00e1j\u00fas\u00e1g ter\u00fclet\u00e9n szervezett szakmai szemin\u00e1riumok \u00e9s m\u0171helymunk\u00e1k iskol\u00e1soknak val\u00f3 bemutat\u00e1sa volt. A tolerancia \u00e9s a nemi diszkriminci\u00f3, es\u00e9lyegyenl\u0151s\u00e9g vagy megk\u00fcl\u00f6nb\u00f6ztet\u00e9s mentess\u00e9g, valamint a rasszizmus visszaszor\u00edt\u00e1sa alapvet\u0151 jog m\u00e9lt\u00f3s\u00e1gteljes t\u00e1rsadalmunk sz\u00e1m\u00e1ra. A szervezett besz\u00e9lget\u00e9sek az etnikailag vegyes lakoss\u00e1g\u00fa ter\u00fcleteken \u00e9l\u0151 [&hellip;]\" \/>\n<meta property=\"og:url\" content=\"https:\/\/futureg.sk\/hu\/tolerancia\/\" \/>\n<meta property=\"og:site_name\" content=\"FutuReg PT\" \/>\n<meta property=\"article:modified_time\" content=\"2021-12-20T18:37:22+00:00\" \/>\n<meta property=\"og:image\" content=\"http:\/\/futureg.sk\/wp-content\/uploads\/2021\/12\/du8-300x225.jpg\" \/>\n<meta name=\"twitter:card\" content=\"summary_large_image\" \/>\n<meta name=\"twitter:label1\" content=\"Becs\u00fclt olvas\u00e1si id\u0151\" \/>\n\t<meta name=\"twitter:data1\" content=\"3 perc\" \/>\n<script type=\"application\/ld+json\" class=\"yoast-schema-graph\">{\"@context\":\"https:\/\/schema.org\",\"@graph\":[{\"@type\":\"WebPage\",\"@id\":\"https:\/\/futureg.sk\/hu\/tolerancia\/\",\"url\":\"https:\/\/futureg.sk\/hu\/tolerancia\/\",\"name\":\"Tolerancia - FutuReg PT\",\"isPartOf\":{\"@id\":\"https:\/\/futureg.sk\/hu\/#website\"},\"primaryImageOfPage\":{\"@id\":\"https:\/\/futureg.sk\/hu\/tolerancia\/#primaryimage\"},\"image\":{\"@id\":\"https:\/\/futureg.sk\/hu\/tolerancia\/#primaryimage\"},\"thumbnailUrl\":\"http:\/\/futureg.sk\/wp-content\/uploads\/2021\/12\/du8-300x225.jpg\",\"datePublished\":\"2020-10-10T22:36:36+00:00\",\"dateModified\":\"2021-12-20T18:37:22+00:00\",\"breadcrumb\":{\"@id\":\"https:\/\/futureg.sk\/hu\/tolerancia\/#breadcrumb\"},\"inLanguage\":\"hu\",\"potentialAction\":[{\"@type\":\"ReadAction\",\"target\":[\"https:\/\/futureg.sk\/hu\/tolerancia\/\"]}]},{\"@type\":\"ImageObject\",\"inLanguage\":\"hu\",\"@id\":\"https:\/\/futureg.sk\/hu\/tolerancia\/#primaryimage\",\"url\":\"http:\/\/futureg.sk\/wp-content\/uploads\/2021\/12\/du8-300x225.jpg\",\"contentUrl\":\"http:\/\/futureg.sk\/wp-content\/uploads\/2021\/12\/du8-300x225.jpg\"},{\"@type\":\"BreadcrumbList\",\"@id\":\"https:\/\/futureg.sk\/hu\/tolerancia\/#breadcrumb\",\"itemListElement\":[{\"@type\":\"ListItem\",\"position\":1,\"name\":\"Home\",\"item\":\"https:\/\/futureg.sk\/hu\/\"},{\"@type\":\"ListItem\",\"position\":2,\"name\":\"Tolerancia\"}]},{\"@type\":\"WebSite\",\"@id\":\"https:\/\/futureg.sk\/hu\/#website\",\"url\":\"https:\/\/futureg.sk\/hu\/\",\"name\":\"FutuReg PT\",\"description\":\"R\u00e9gi\u00f3nk \u00e9s gyermekeink fejleszt\u00e9s\u00e9\u00e9rt\",\"potentialAction\":[{\"@type\":\"SearchAction\",\"target\":{\"@type\":\"EntryPoint\",\"urlTemplate\":\"https:\/\/futureg.sk\/hu\/?s={search_term_string}\"},\"query-input\":{\"@type\":\"PropertyValueSpecification\",\"valueRequired\":true,\"valueName\":\"search_term_string\"}}],\"inLanguage\":\"hu\"}]}<\/script>\n<!-- \/ Yoast SEO plugin. -->","yoast_head_json":{"title":"Tolerancia - FutuReg PT","robots":{"index":"index","follow":"follow","max-snippet":"max-snippet:-1","max-image-preview":"max-image-preview:large","max-video-preview":"max-video-preview:-1"},"canonical":"https:\/\/futureg.sk\/hu\/tolerancia\/","og_locale":"hu_HU","og_type":"article","og_title":"Tolerancia - FutuReg PT","og_description":"Multikult\u00fara \u00e9s a gyerekek 2021 MULTIKULT\u00daRA A DETI 2021 A Multikult\u00fara \u00e9s gyermekek projekt c\u00e9lja a t\u00f6bbkult\u00far\u00e1j\u00fas\u00e1g ter\u00fclet\u00e9n szervezett szakmai szemin\u00e1riumok \u00e9s m\u0171helymunk\u00e1k iskol\u00e1soknak val\u00f3 bemutat\u00e1sa volt. A tolerancia \u00e9s a nemi diszkriminci\u00f3, es\u00e9lyegyenl\u0151s\u00e9g vagy megk\u00fcl\u00f6nb\u00f6ztet\u00e9s mentess\u00e9g, valamint a rasszizmus visszaszor\u00edt\u00e1sa alapvet\u0151 jog m\u00e9lt\u00f3s\u00e1gteljes t\u00e1rsadalmunk sz\u00e1m\u00e1ra. A szervezett besz\u00e9lget\u00e9sek az etnikailag vegyes lakoss\u00e1g\u00fa ter\u00fcleteken \u00e9l\u0151 [&hellip;]","og_url":"https:\/\/futureg.sk\/hu\/tolerancia\/","og_site_name":"FutuReg PT","article_modified_time":"2021-12-20T18:37:22+00:00","og_image":[{"url":"http:\/\/futureg.sk\/wp-content\/uploads\/2021\/12\/du8-300x225.jpg","type":"","width":"","height":""}],"twitter_card":"summary_large_image","twitter_misc":{"Becs\u00fclt olvas\u00e1si id\u0151":"3 perc"},"schema":{"@context":"https:\/\/schema.org","@graph":[{"@type":"WebPage","@id":"https:\/\/futureg.sk\/hu\/tolerancia\/","url":"https:\/\/futureg.sk\/hu\/tolerancia\/","name":"Tolerancia - FutuReg PT","isPartOf":{"@id":"https:\/\/futureg.sk\/hu\/#website"},"primaryImageOfPage":{"@id":"https:\/\/futureg.sk\/hu\/tolerancia\/#primaryimage"},"image":{"@id":"https:\/\/futureg.sk\/hu\/tolerancia\/#primaryimage"},"thumbnailUrl":"http:\/\/futureg.sk\/wp-content\/uploads\/2021\/12\/du8-300x225.jpg","datePublished":"2020-10-10T22:36:36+00:00","dateModified":"2021-12-20T18:37:22+00:00","breadcrumb":{"@id":"https:\/\/futureg.sk\/hu\/tolerancia\/#breadcrumb"},"inLanguage":"hu","potentialAction":[{"@type":"ReadAction","target":["https:\/\/futureg.sk\/hu\/tolerancia\/"]}]},{"@type":"ImageObject","inLanguage":"hu","@id":"https:\/\/futureg.sk\/hu\/tolerancia\/#primaryimage","url":"http:\/\/futureg.sk\/wp-content\/uploads\/2021\/12\/du8-300x225.jpg","contentUrl":"http:\/\/futureg.sk\/wp-content\/uploads\/2021\/12\/du8-300x225.jpg"},{"@type":"BreadcrumbList","@id":"https:\/\/futureg.sk\/hu\/tolerancia\/#breadcrumb","itemListElement":[{"@type":"ListItem","position":1,"name":"Home","item":"https:\/\/futureg.sk\/hu\/"},{"@type":"ListItem","position":2,"name":"Tolerancia"}]},{"@type":"WebSite","@id":"https:\/\/futureg.sk\/hu\/#website","url":"https:\/\/futureg.sk\/hu\/","name":"FutuReg PT","description":"R\u00e9gi\u00f3nk \u00e9s gyermekeink fejleszt\u00e9s\u00e9\u00e9rt","potentialAction":[{"@type":"SearchAction","target":{"@type":"EntryPoint","urlTemplate":"https:\/\/futureg.sk\/hu\/?s={search_term_string}"},"query-input":{"@type":"PropertyValueSpecification","valueRequired":true,"valueName":"search_term_string"}}],"inLanguage":"hu"}]}},"_links":{"self":[{"href":"https:\/\/futureg.sk\/hu\/wp-json\/wp\/v2\/pages\/364","targetHints":{"allow":["GET"]}}],"collection":[{"href":"https:\/\/futureg.sk\/hu\/wp-json\/wp\/v2\/pages"}],"about":[{"href":"https:\/\/futureg.sk\/hu\/wp-json\/wp\/v2\/types\/page"}],"author":[{"embeddable":true,"href":"https:\/\/futureg.sk\/hu\/wp-json\/wp\/v2\/users\/1"}],"replies":[{"embeddable":true,"href":"https:\/\/futureg.sk\/hu\/wp-json\/wp\/v2\/comments?post=364"}],"version-history":[{"count":6,"href":"https:\/\/futureg.sk\/hu\/wp-json\/wp\/v2\/pages\/364\/revisions"}],"predecessor-version":[{"id":518,"href":"https:\/\/futureg.sk\/hu\/wp-json\/wp\/v2\/pages\/364\/revisions\/518"}],"wp:attachment":[{"href":"https:\/\/futureg.sk\/hu\/wp-json\/wp\/v2\/media?parent=364"}],"curies":[{"name":"wp","href":"https:\/\/api.w.org\/{rel}","templated":true}]}}