{"id":235,"date":"2019-09-22T12:42:51","date_gmt":"2019-09-22T12:42:51","guid":{"rendered":"http:\/\/futureg.sk\/hu\/?page_id=235"},"modified":"2022-10-27T14:03:52","modified_gmt":"2022-10-27T14:03:52","slug":"szuburban","status":"publish","type":"page","link":"https:\/\/futureg.sk\/hu\/szuburban\/","title":{"rendered":"Szuburbaniz\u00e1ci\u00f3"},"content":{"rendered":"<blockquote>\n<h2 style=\"text-align: center;\"><strong><em>EBOOK<\/em><\/strong><\/h2>\n<\/blockquote>\n<p><a href=\"https:\/\/futureg.sk\/hu\/szuburban\/zarojelentes-csallokozi-szuburbanizacio-es-identitas-docx\/\" rel=\"attachment wp-att-290\"><img loading=\"lazy\" decoding=\"async\" class=\"alignnone size-medium wp-image-290\" src=\"https:\/\/futureg.sk\/hu\/wp-content\/uploads\/sites\/2\/2019\/10\/huszi-229x300.jpg\" alt=\"\" width=\"229\" height=\"300\" srcset=\"https:\/\/futureg.sk\/hu\/wp-content\/uploads\/sites\/2\/2019\/10\/huszi-229x300.jpg 229w, https:\/\/futureg.sk\/hu\/wp-content\/uploads\/sites\/2\/2019\/10\/huszi-768x1006.jpg 768w, https:\/\/futureg.sk\/hu\/wp-content\/uploads\/sites\/2\/2019\/10\/huszi-782x1024.jpg 782w, https:\/\/futureg.sk\/hu\/wp-content\/uploads\/sites\/2\/2019\/10\/huszi.jpg 1841w\" sizes=\"auto, (max-width: 229px) 100vw, 229px\" \/><\/a><a href=\"https:\/\/futureg.sk\/hu\/szuburban\/hu_ebook_kultura_szuburbanizacio-compressed\/\" rel=\"attachment wp-att-289\"><img loading=\"lazy\" decoding=\"async\" class=\"alignnone size-medium wp-image-289\" src=\"https:\/\/futureg.sk\/hu\/wp-content\/uploads\/sites\/2\/2019\/10\/obalkaHU-212x300.png\" alt=\"\" width=\"212\" height=\"300\" srcset=\"https:\/\/futureg.sk\/hu\/wp-content\/uploads\/sites\/2\/2019\/10\/obalkaHU-212x300.png 212w, https:\/\/futureg.sk\/hu\/wp-content\/uploads\/sites\/2\/2019\/10\/obalkaHU-768x1086.png 768w, https:\/\/futureg.sk\/hu\/wp-content\/uploads\/sites\/2\/2019\/10\/obalkaHU-724x1024.png 724w, https:\/\/futureg.sk\/hu\/wp-content\/uploads\/sites\/2\/2019\/10\/obalkaHU.png 1240w\" sizes=\"auto, (max-width: 212px) 100vw, 212px\" \/><\/a><a href=\"https:\/\/futureg.sk\/hu\/szuburban\/obalkahu-2\/\" rel=\"attachment wp-att-420\"><img loading=\"lazy\" decoding=\"async\" class=\"alignnone size-medium wp-image-420\" src=\"https:\/\/futureg.sk\/hu\/wp-content\/uploads\/sites\/2\/2020\/11\/obalkaHU-206x300.png\" alt=\"\" width=\"206\" height=\"300\" srcset=\"https:\/\/futureg.sk\/hu\/wp-content\/uploads\/sites\/2\/2020\/11\/obalkaHU-206x300.png 206w, https:\/\/futureg.sk\/hu\/wp-content\/uploads\/sites\/2\/2020\/11\/obalkaHU.png 480w\" sizes=\"auto, (max-width: 206px) 100vw, 206px\" \/><\/a><a href=\"https:\/\/futureg.sk\/hu\/szuburban\/22_10_2022_szuburbanizacia_pandemia\/\" rel=\"attachment wp-att-621\"><img loading=\"lazy\" decoding=\"async\" class=\"alignnone size-medium wp-image-621\" src=\"https:\/\/futureg.sk\/hu\/wp-content\/uploads\/sites\/2\/2022\/10\/obalkaHU-300x283.jpg\" alt=\"\" width=\"300\" height=\"283\" srcset=\"https:\/\/futureg.sk\/hu\/wp-content\/uploads\/sites\/2\/2022\/10\/obalkaHU-300x283.jpg 300w, https:\/\/futureg.sk\/hu\/wp-content\/uploads\/sites\/2\/2022\/10\/obalkaHU-768x724.jpg 768w, https:\/\/futureg.sk\/hu\/wp-content\/uploads\/sites\/2\/2022\/10\/obalkaHU.jpg 777w\" sizes=\"auto, (max-width: 300px) 100vw, 300px\" \/><\/a><\/p>\n<h2>SZUBURBANIZ\u00c1CI\u00d3 \u00c9S PAND\u00c9MIA (2022)<\/h2>\n<blockquote><p><em>A Covid-19 megv\u00e1ltoztatta \u00e9let\u00fcnket \u00e9s lakhat\u00e1sunkat. T\u00f6bb otthoni iroda, kevesebb utaz\u00e1s, t\u00f6bb \u00fczemanyag, kevesebb aut\u00f3, dr\u00e1g\u00e1bb \u00e1rak, jelent\u0151sebb infl\u00e1ci\u00f3. Az \u00faj lak\u00e1sok ir\u00e1nt \u00e9rdekl\u0151d\u0151k preferenci\u00e1inak \u2013 a v\u00edrussal \u00e9s az int\u00e9zked\u00e9sekkel \u00f6sszef\u00fcgg\u0151 \u2013 eltol\u00f3d\u00e1sa arra k\u00e9nyszer\u00edt benn\u00fcnket, hogy lakhat\u00e1sunk sz\u00e1mos aspektus\u00e1t \u00e1t\u00e9rt\u00e9kelj\u00fck. Trendi lett a multifunkcionalit\u00e1s? Hiszen ha otthon akarunk \u00e9lni, sportolni \u00e9s dolgozni, akkor a k\u00f6vetelm\u00e9nyek rugalmass\u00e1ga lehet\u0151v\u00e9 teszi, hogy a k\u00f6vetkez\u0151k\u00e9ppen alak\u00edtsuk \u00e1t a helyis\u00e9get. Legal\u00e1bb egy kis terasz az erk\u00e9lyeken, loggi\u00e1kon elf\u00e9r. A v\u00edrusok elleni technol\u00f3gi\u00e1val m\u00e9g jobban oda kell figyeln\u00fcnk, hogy l\u00e9legz\u00fcnk-e. A szak\u00e9rt\u0151k az \u00fagynevezett intelligens megold\u00e1s ir\u00e1nti \u00e9rdekl\u0151d\u00e9s n\u00f6veked\u00e9s\u00e9re sz\u00e1m\u00edtanak. okosotthonokban. R\u00f6viden: meg\u00e9rinteni valamit, \u00e9lm\u00e9ny \u00e9s kock\u00e1zat. A COVID alatti &#8222;bubor\u00e9kunk&#8221; megmutatta, hogy kikre t\u00e1maszkodhatunk igaz\u00e1n. Eml\u00e9ksz\u00fcnk olyan bubor\u00e9kokra is, amelyek csal\u00e1dtagjaink voltak, amelyek sor\u00e1n r\u00e1j\u00f6tt\u00fcnk, hogy mi \u00e9rt\u00e9kes sz\u00e1munkra \u00e9s mi nem, melyik kapcsolat \u00e9rt\u00e9kesebb sz\u00e1munkra, ki a seg\u00edt\u0151k\u00e9sz szomsz\u00e9d, val\u00f3di seg\u00edts\u00e9ggel. <\/em><\/p>\n<p>Nem a szuburbaniz\u00e1ci\u00f3, hanem maga a nagyobb elszigetelts\u00e9g a felel\u0151s a negat\u00edv folyamatok elind\u00edt\u00e1s\u00e1\u00e9rt a k\u00f6z\u00f6ss\u00e9gben. Olvasson t\u00f6bbet leg\u00fajabb kutat\u00e1sunkr\u00f3l itt :\u00a0<a href=\"https:\/\/futureg.sk\/hu\/szuburban\/22_10_2022_szuburbanizacia_pandemia\/\" rel=\"attachment wp-att-622\">EBOOK<\/a><a href=\"https:\/\/futureg.sk\/hu\/szuburban\/22_10_2022_szuburbanizacia_pandemia-3\/\" rel=\"attachment wp-att-648\">SZUBURBANIZACIO_PANDEMIA<\/a><\/p><\/blockquote>\n<h2>SZUBURB\u00c1N \u00c9LET A CSALL\u00d3K\u00d6ZBEN (2020)<\/h2>\n<blockquote>\n<h4><strong><em>\u201eA k\u00e9rd\u00e9s nem az, hogy jobban \u00e9lj\u00fcnk, hanem az, hogy m\u00e1shogy.\u201c<br \/>\n(Vladim\u00edr Ira gondolata az \u00e9letmin\u0151s\u00e9g mutat\u00f3r\u00f3l)<\/em><\/strong><\/h4>\n<p>Nate Berg v\u00e1rostervez\u0151 (Bloomberg, 2012) szerint nem a szuburbaniz\u00e1ci\u00f3, hanem maga a nagyobb elszigetelts\u00e9g a felel\u0151s a negat\u00edv folyamatok elind\u00edt\u00e1s\u00e1\u00e9rt a k\u00f6z\u00f6ss\u00e9gben. Egy m\u00e1sik ok, ami\u00e9rt a k\u00fclv\u00e1rosi \u00e9let nem k\u00fcl\u00f6n\u00f6sen alkalmas a gyermekek \u00e9s a csal\u00e1dok sz\u00e1m\u00e1ra, az a t\u00e9ny, hogy megfosztja az embereket a t\u00e1rsadalmi kapcsolatokt\u00f3l. Megeml\u00edthetj\u00fck p\u00e9ld\u00e1ul az \u00fagynevezett \u201cz\u00f6ld \u00f6zvegy\u201d jelens\u00e9get, mely a k\u00fclv\u00e1rosi n\u0151k bizonyos csoportj\u00e1t jelzi. \u00c9rtelemszer\u0171en megfelel az elszigetelts\u00e9g \u00e9s a sz\u00e9tes\u00e9s felt\u00e9teleinek, egy gy\u00f6ny\u00f6r\u0171 k\u00fclv\u00e1rosban, egy csal\u00e1di h\u00e1zban \u00e9lnek, de a t\u00e1rsadalomban m\u00e9gis elszigeteltnek \u00e9rzik magukat. A kutat\u00e1s c\u00e9lja az volt, hogy megsz\u00f3l\u00edtsa az ilyen magyar \u00e9s szlov\u00e1k nemzetis\u00e9g\u0171 n\u0151ket, \u00e9s egy el\u0151re meghat\u00e1rozott strukt\u00fara szerint besz\u00e9ljen vel\u00fck az itteni \u00e9letr\u0151l, megvizsg\u00e1lja a k\u00fclv\u00e1rosok \u00e9letmin\u0151s\u00e9g\u00e9t gazdas\u00e1gi szempontb\u00f3l, \u00e9s megismerje az itteni t\u00e1rsadalmi vagy kultur\u00e1lis tendenci\u00e1i.<a href=\"https:\/\/futureg.sk\/hu\/a-kertvarosok-avagy-elet-a-szuburbiakban\/suburban-studia_hu\/\" rel=\"attachment wp-att-439\">SUBURBAN studia_HU<\/a><\/p>\n<p><a href=\"https:\/\/futureg.sk\/hu\/wp-content\/uploads\/sites\/2\/2020\/11\/SUBURBAN-studia_HU.pdf\" rel=\"attachment wp-att-420\"><img loading=\"lazy\" decoding=\"async\" class=\"alignnone wp-image-420 size-medium\" src=\"https:\/\/futureg.sk\/hu\/wp-content\/uploads\/sites\/2\/2020\/11\/obalkaHU-206x300.png\" alt=\"\" width=\"206\" height=\"300\" srcset=\"https:\/\/futureg.sk\/hu\/wp-content\/uploads\/sites\/2\/2020\/11\/obalkaHU-206x300.png 206w, https:\/\/futureg.sk\/hu\/wp-content\/uploads\/sites\/2\/2020\/11\/obalkaHU.png 480w\" sizes=\"auto, (max-width: 206px) 100vw, 206px\" \/><\/a><\/p><\/blockquote>\n<h2>SZUBURBANIZ\u00c1CI\u00d3 \u00c9S KULT\u00daRA (2019)<\/h2>\n<h4><strong><em>\u201eAz \u00faj h\u00e1zba az \u00faj \u00e1lmokkal t\u00f6rt\u00e9nelem \u00e9s kult\u00fara is \u00e9rkezik.\u201d Bachelard<\/em><\/strong><\/h4>\n<p>A tanulm\u00e1ny vizsg\u00e1lat\u00e1nak k\u00f6zponti eleme Pozsony f\u0151v\u00e1ros mellett kiterjedt nagy v\u00e1rossz\u00e9tfoly\u00e1s, agglomer\u00e1ci\u00f3kban \u00e9s a perif\u00e9ri\u00e1kban, konkr\u00e9tan a Csall\u00f3k\u00f6z kist\u00e9rs\u00e9g\u00e9ben Szlov\u00e1ki\u00e1ban. A tanulm\u00e1ny k\u00fcl\u00f6n\u00f6s figyelmet szentel a lakoss\u00e1g gyors demogr\u00e1fiai n\u00f6veked\u00e9s\u00e9nek \u00e9s a szuburbaniz\u00e1ci\u00f3s folyamatoknak. Az \u00e1ltal\u00e1nosan ismert statisztikai adatokon k\u00edv\u00fcl a kutat\u00e1s k\u00e9rd\u0151\u00edves felm\u00e9r\u00e9ssel adatokat gy\u0171jt\u00f6tt az egyes reprezentat\u00edv szuburb\u00e1n telep\u00fcl\u00e9sek lakosait\u00f3l, 545 megk\u00e9rdezett\u0151l, 25 telep\u00fcl\u00e9sr\u0151l. Kihangs\u00falyozza a szuburbaniz\u00e1ci\u00f3 gazdas\u00e1gszociol\u00f3giai k\u00f6vetkezm\u00e9nyeit, mindenekel\u0151tt annak hat\u00e1s\u00e1t a szlov\u00e1kiai magyar t\u00e1rsadalomra. A hat\u00e1s nem csup\u00e1n gazdas\u00e1gi, t\u00e1rsadalmi, demogr\u00e1fiai k\u00e9rd\u00e9s, mindink\u00e1bb a globaliz\u00e1lt t\u00e1rsadalom meghat\u00e1roz\u00f3 t\u00e9nyez\u0151je, sokszor k\u00f6rnyezeti hat\u00e1sokba \u00fctk\u00f6zve. A\u00a0tanulm\u00e1ny k\u00e9t fontos felt\u00e9telez\u00e9st taglal, <em>miszerint 1) a szuburbaniz\u00e1ci\u00f3 kimutathat\u00f3 \u00e9s befoly\u00e1sol\u00f3 hat\u00e1ssal van Csall\u00f3k\u00f6z gazdas\u00e1g\u00e1ra n\u00e9zve <strong>a\u00a0region\u00e1lis kultur\u00e1lis szolg\u00e1ltat\u00e1sok ter\u00e9n<\/strong>, 2) tov\u00e1bb\u00e1 r\u00e1mutat arra, hogy a szlov\u00e1k f\u0151v\u00e1ros, Pozsony gazdas\u00e1gi n\u00f6veked\u00e9se mellett a szuburb\u00e1n telep\u00fcl\u00e9seken \u00e9l\u0151 lakosok \u00e9letmin\u0151s\u00e9ge cs\u00f6kkent a <strong>kultur\u00e1lis szolg\u00e1ltat\u00e1sok ter\u00e9n.<\/strong><\/em> Az els\u0151 felt\u00e9telez\u00e9s helyzetelemz\u00e9ssel t\u00f6rt\u00e9nik makrogazdas\u00e1gi mutat\u00f3k szerint, a m\u00e1sodik felt\u00e9telez\u00e9sre a v\u00e1laszt a felm\u00e9r\u00e9s \u00e1ltal nyert adatok kvalitat\u00edv \u00e9s kvantitat\u00edv elemz\u00e9se adja. A tanulm\u00e1ny v\u00e9g\u00fcl \u00f6sszegzi, hogy vajon a szuburbanizi\u00f3 n\u00f6velte-e a gazdas\u00e1gszociol\u00f3giai, n\u00e9pesed\u00e9si \u00e9s kultur\u00e1lis fejl\u0151d\u00e9sbeli szakad\u00e9kot Csall\u00f3k\u00f6z eset\u00e9ben az elm\u00falt \u00e9vtizedben.<\/p>\n<p><a href=\"https:\/\/futureg.sk\/hu\/szuburban\/hu_ebook_kultura_szuburbanizacio-compressed\/\" rel=\"attachment wp-att-289\"><img loading=\"lazy\" decoding=\"async\" class=\"alignnone size-medium wp-image-289\" src=\"https:\/\/futureg.sk\/hu\/wp-content\/uploads\/sites\/2\/2019\/10\/obalkaHU-212x300.png\" alt=\"\" width=\"212\" height=\"300\" srcset=\"https:\/\/futureg.sk\/hu\/wp-content\/uploads\/sites\/2\/2019\/10\/obalkaHU-212x300.png 212w, https:\/\/futureg.sk\/hu\/wp-content\/uploads\/sites\/2\/2019\/10\/obalkaHU-768x1086.png 768w, https:\/\/futureg.sk\/hu\/wp-content\/uploads\/sites\/2\/2019\/10\/obalkaHU-724x1024.png 724w, https:\/\/futureg.sk\/hu\/wp-content\/uploads\/sites\/2\/2019\/10\/obalkaHU.png 1240w\" sizes=\"auto, (max-width: 212px) 100vw, 212px\" \/><\/a><\/p>\n<p>LEG\u00daJABB KUTAT\u00c1SUNK \u00d6SSZEFOGLAL\u00d3JA <a href=\"https:\/\/futureg.sk\/hu\/szuburban\/hu_ebook_kultura_szuburbanizacio-compressed\/\" rel=\"attachment wp-att-283\">HU_EBOOK_KULTURA_SZUBURBANIZACIO-compressed<\/a>\u00a0 c. LET\u00d6LTHET\u0150 ONLINE<\/p>\n<p>AZ EG\u00c9SZ KUTAT\u00c1SI ANYAG ITT OLVASHAT\u00d3 <a href=\"https:\/\/futureg.sk\/hu\/szuburban\/hu_kultura_szuburbanizacio\/\" rel=\"attachment wp-att-284\">HU_KULTURA_SZUBURBANIZACIO<\/a><\/p>\n<p>A szlov\u00e1k kutat\u00e1si anyag a<a href=\"http:\/\/futureg.sk\/suburban\/\"> szlov\u00e1k weboldalon<\/a> tal\u00e1lhat\u00f3.<\/p>\n<h2>SZUBURBANIZ\u00c1CI\u00d3 \u00c9S IDENTIT\u00c1S (2018)<\/h2>\n<p>A Pozsony k\u00f6rny\u00e9ki szuburbaniz\u00e1ci\u00f3 csall\u00f3k\u00f6zi t\u00e1rsadalomra, mindenekel\u0151tt az itt \u00e9l\u0151 magyar kisebbs\u00e9gre kifejtett hat\u00e1s\u00e1t vizsg\u00e1lja mindk\u00e9t kutat\u00e1s, mely felm\u00e9r\u00e9s seg\u00edts\u00e9g\u00e9vel kelt \u00e9letre. Mindemelett gazdas\u00e1gi k\u00e9rd\u00e9seket boncol, miszerint a szuburbaniz\u00e1ci\u00f3 hat\u00e1sa nemcsak t\u00e1rsadalm \u00e9s f\u00f6ldrajzi jelens\u00e9g, de a j\u00f6v\u0151 ember\u00e9nek minden ir\u00e1nyban meghat\u00e1roz\u00f3, \u00e9letmin\u0151s\u00e9g\u00e9t illet\u0151leg. K\u00e9t f\u0151bb hipot\u00e9zist vizsg\u00e1l, hogy a szuburbaniz\u00e1ci\u00f3 bizony\u00edthat\u00f3 \u00e9s meghat\u00e1roz\u00f3 hat\u00e1ssal van a csall\u00f3k\u00f6zi kisr\u00e9gi\u00f3 gazdas\u00e1gi fejl\u0151d\u00e9s\u00e9re. A f\u0151v\u00e1ros er\u0151teljes fejl\u0151d\u00e9se mellett elemzi hat\u00e1sait az eredeti \u00e9s bek\u00f6lt\u00f6z\u00f6tt lakosok \u00e9letmin\u0151s\u00e9g\u00e9re \u00e9s elv\u00e1rasaira n\u00e9zve. Ugyanezt a kult\u00fara jegy\u00e9ben is sz\u00e1mba veszi. Tov\u00e1bb\u00e1 azt is vizsg\u00e1lja, hogy az itt \u00e9l\u0151 emberek kult\u00far\u00e1ja \u00e9s a\u201eszuburb\u00e1n\u201d r\u00e9gi\u00f3 illetve szuburbaniz\u00e1lt lakosok identit\u00e1sa mennyire van kihat\u00e1ssal az eredeti, a \u201cszuburb\u00e1n\u201d vagy k\u00f6z\u00f6s identit\u00e1studatra lakhelyet, sz\u00e1rmaz\u00e1st, otthont \u00e9s k\u00f6z\u00f6ss\u00e9get bele\u00e9rtve.<\/p>\n<p>&nbsp;<\/p>\n<p><a href=\"https:\/\/futureg.sk\/hu\/szuburban\/zarojelentes-csallokozi-szuburbanizacio-es-identitas-docx\/\" rel=\"attachment wp-att-290\"><img loading=\"lazy\" decoding=\"async\" class=\"alignnone size-medium wp-image-290\" src=\"https:\/\/futureg.sk\/hu\/wp-content\/uploads\/sites\/2\/2019\/10\/huszi-229x300.jpg\" alt=\"\" width=\"229\" height=\"300\" srcset=\"https:\/\/futureg.sk\/hu\/wp-content\/uploads\/sites\/2\/2019\/10\/huszi-229x300.jpg 229w, https:\/\/futureg.sk\/hu\/wp-content\/uploads\/sites\/2\/2019\/10\/huszi-768x1006.jpg 768w, https:\/\/futureg.sk\/hu\/wp-content\/uploads\/sites\/2\/2019\/10\/huszi-782x1024.jpg 782w, https:\/\/futureg.sk\/hu\/wp-content\/uploads\/sites\/2\/2019\/10\/huszi.jpg 1841w\" sizes=\"auto, (max-width: 229px) 100vw, 229px\" \/><\/a><\/p>\n<p><a href=\"https:\/\/futureg.sk\/hu\/szuburban\/zarojelentes-csallokozi-szuburbanizacio-es-identitas-docx\/\" rel=\"attachment wp-att-273\">ZAROJELENTES CSALLOKOZI SZUBURBANIZACIO ES IDENTITAS<\/a><\/p>\n<h2>K\u00e9rd\u0151\u00edv<\/h2>\n<p><a href=\"https:\/\/docs.google.com\/forms\/d\/e\/1FAIpQLSf3vt_r6j1qghnEvbAcqjMs0aUr2JQjcJVpWK11yknZe8iFJQ\/viewform?usp=sf_link\">https:\/\/docs.google.com\/forms\/d\/e\/1FAIpQLSf3vt_r6j1qghnEvbAcqjMs0aUr2JQjcJVpWK11yknZe8iFJQ\/viewform?usp=sf_link<\/a><\/p>\n<p>HU K\u00e9rj\u00fck \u00d6n\u00f6ket a k\u00e9rd\u0151\u00edv kit\u00f6lt\u00e9s\u00e9re, mely a \u201eSzuburbaniz\u00e1ci\u00f3 \u00e9s identit\u00e1s\u201dc\u00edm\u0171 kutat\u00e1shoz gy\u0171jt adatokat a Csall\u00f3k\u00f6z r\u00e9gi\u00f3b\u00f3l. A kutat\u00e1s c\u00e9lja Pozsony f\u0151v\u00e1ros k\u00f6rny\u00e9k\u00e9n l\u00e9v\u0151 szuburbaniz\u00e1lt t\u00e9rs\u00e9g identit\u00e1s\u00e1nak felm\u00e9r\u00e9se. A k\u00e9rd\u0151\u00edv kit\u00f6lt\u00e9se anonim, az adatok n\u00e9v n\u00e9lk\u00fcl ker\u00fclnek feldolgoz\u00e1sra.<\/p>\n<p>A kutat\u00e1st a Kisebbs\u00e9gi Kultur\u00e1lis Alap t\u00e1mogatta.<\/p>\n<p>Podporen\u00e9 z Fondu pre\u00a0 kult\u00faru n\u00e1rodnostn\u00fdch men\u0161\u00edn Kultminor.<\/p>\n<p>S po\u010fakovan\u00edm: PhDr. L\u00edvia Bott Domonkos, PhD. \u0161tatut\u00e1r OZ FutuReg.<\/p>\n<p>Vysvetlivky: suburb\u00e1nna z\u00f3na \u2013 Pr\u00edmestsk\u00e1 z\u00f3na (angl. suburban zone, hu.k\u00fclv\u00e1rosi t\u00e9rs\u00e9g, szuburb\u00e1n ter\u00fclet )Pod\u013ea S. Liszewsk\u00e9ho a W. Maika pod \u0148ou rozumieme prechodn\u00e9 teritori\u00e1lne p\u00e1smo, ktor\u00e9 bezprostredne obklopuje kompaktn\u00e9 mesto a z\u00e1rove\u0148 je s\u00fa\u010das\u0165ou mestskej aglomer\u00e1cie.<\/p>\n<p><a href=\"http:\/\/futureg.sk\/fundraising\/kult-minor-logo\/\" rel=\"attachment wp-att-634\"><img loading=\"lazy\" decoding=\"async\" class=\"alignnone size-full wp-image-634\" src=\"http:\/\/futureg.sk\/wp-content\/uploads\/2018\/11\/kult-minor-logo.png\" alt=\"\" width=\"267\" height=\"99\" \/><\/a><\/p>\n","protected":false},"excerpt":{"rendered":"<p>EBOOK SZUBURBANIZ\u00c1CI\u00d3 \u00c9S PAND\u00c9MIA (2022) A Covid-19 megv\u00e1ltoztatta \u00e9let\u00fcnket \u00e9s lakhat\u00e1sunkat. T\u00f6bb otthoni iroda, kevesebb utaz\u00e1s, t\u00f6bb \u00fczemanyag, kevesebb aut\u00f3, dr\u00e1g\u00e1bb \u00e1rak, jelent\u0151sebb infl\u00e1ci\u00f3. Az \u00faj lak\u00e1sok ir\u00e1nt \u00e9rdekl\u0151d\u0151k preferenci\u00e1inak \u2013 a v\u00edrussal \u00e9s az int\u00e9zked\u00e9sekkel \u00f6sszef\u00fcgg\u0151 \u2013 eltol\u00f3d\u00e1sa arra k\u00e9nyszer\u00edt benn\u00fcnket, hogy lakhat\u00e1sunk sz\u00e1mos aspektus\u00e1t \u00e1t\u00e9rt\u00e9kelj\u00fck. Trendi lett a multifunkcionalit\u00e1s? Hiszen ha otthon akarunk [&hellip;]<\/p>\n","protected":false},"author":1,"featured_media":0,"parent":0,"menu_order":0,"comment_status":"closed","ping_status":"closed","template":"","meta":{"_monsterinsights_skip_tracking":false,"_monsterinsights_sitenote_active":false,"_monsterinsights_sitenote_note":"","_monsterinsights_sitenote_category":0,"footnotes":""},"class_list":["post-235","page","type-page","status-publish","hentry"],"yoast_head":"<!-- This site is optimized with the Yoast SEO plugin v26.1.1 - https:\/\/yoast.com\/wordpress\/plugins\/seo\/ -->\n<title>Szuburbaniz\u00e1ci\u00f3 - FutuReg PT<\/title>\n<meta name=\"robots\" content=\"index, follow, max-snippet:-1, max-image-preview:large, max-video-preview:-1\" \/>\n<link rel=\"canonical\" href=\"https:\/\/futureg.sk\/hu\/szuburban\/\" \/>\n<meta property=\"og:locale\" content=\"hu_HU\" \/>\n<meta property=\"og:type\" content=\"article\" \/>\n<meta property=\"og:title\" content=\"Szuburbaniz\u00e1ci\u00f3 - FutuReg PT\" \/>\n<meta property=\"og:description\" content=\"EBOOK SZUBURBANIZ\u00c1CI\u00d3 \u00c9S PAND\u00c9MIA (2022) A Covid-19 megv\u00e1ltoztatta \u00e9let\u00fcnket \u00e9s lakhat\u00e1sunkat. T\u00f6bb otthoni iroda, kevesebb utaz\u00e1s, t\u00f6bb \u00fczemanyag, kevesebb aut\u00f3, dr\u00e1g\u00e1bb \u00e1rak, jelent\u0151sebb infl\u00e1ci\u00f3. Az \u00faj lak\u00e1sok ir\u00e1nt \u00e9rdekl\u0151d\u0151k preferenci\u00e1inak \u2013 a v\u00edrussal \u00e9s az int\u00e9zked\u00e9sekkel \u00f6sszef\u00fcgg\u0151 \u2013 eltol\u00f3d\u00e1sa arra k\u00e9nyszer\u00edt benn\u00fcnket, hogy lakhat\u00e1sunk sz\u00e1mos aspektus\u00e1t \u00e1t\u00e9rt\u00e9kelj\u00fck. Trendi lett a multifunkcionalit\u00e1s? Hiszen ha otthon akarunk [&hellip;]\" \/>\n<meta property=\"og:url\" content=\"https:\/\/futureg.sk\/hu\/szuburban\/\" \/>\n<meta property=\"og:site_name\" content=\"FutuReg PT\" \/>\n<meta property=\"article:modified_time\" content=\"2022-10-27T14:03:52+00:00\" \/>\n<meta property=\"og:image\" content=\"http:\/\/futureg.sk\/hu\/wp-content\/uploads\/sites\/2\/2019\/10\/huszi-229x300.jpg\" \/>\n<meta name=\"twitter:card\" content=\"summary_large_image\" \/>\n<meta name=\"twitter:label1\" content=\"Becs\u00fclt olvas\u00e1si id\u0151\" \/>\n\t<meta name=\"twitter:data1\" content=\"6 perc\" \/>\n<script type=\"application\/ld+json\" class=\"yoast-schema-graph\">{\"@context\":\"https:\/\/schema.org\",\"@graph\":[{\"@type\":\"WebPage\",\"@id\":\"https:\/\/futureg.sk\/hu\/szuburban\/\",\"url\":\"https:\/\/futureg.sk\/hu\/szuburban\/\",\"name\":\"Szuburbaniz\u00e1ci\u00f3 - FutuReg PT\",\"isPartOf\":{\"@id\":\"https:\/\/futureg.sk\/hu\/#website\"},\"primaryImageOfPage\":{\"@id\":\"https:\/\/futureg.sk\/hu\/szuburban\/#primaryimage\"},\"image\":{\"@id\":\"https:\/\/futureg.sk\/hu\/szuburban\/#primaryimage\"},\"thumbnailUrl\":\"http:\/\/futureg.sk\/hu\/wp-content\/uploads\/sites\/2\/2019\/10\/huszi-229x300.jpg\",\"datePublished\":\"2019-09-22T12:42:51+00:00\",\"dateModified\":\"2022-10-27T14:03:52+00:00\",\"breadcrumb\":{\"@id\":\"https:\/\/futureg.sk\/hu\/szuburban\/#breadcrumb\"},\"inLanguage\":\"hu\",\"potentialAction\":[{\"@type\":\"ReadAction\",\"target\":[\"https:\/\/futureg.sk\/hu\/szuburban\/\"]}]},{\"@type\":\"ImageObject\",\"inLanguage\":\"hu\",\"@id\":\"https:\/\/futureg.sk\/hu\/szuburban\/#primaryimage\",\"url\":\"http:\/\/futureg.sk\/hu\/wp-content\/uploads\/sites\/2\/2019\/10\/huszi-229x300.jpg\",\"contentUrl\":\"http:\/\/futureg.sk\/hu\/wp-content\/uploads\/sites\/2\/2019\/10\/huszi-229x300.jpg\"},{\"@type\":\"BreadcrumbList\",\"@id\":\"https:\/\/futureg.sk\/hu\/szuburban\/#breadcrumb\",\"itemListElement\":[{\"@type\":\"ListItem\",\"position\":1,\"name\":\"Home\",\"item\":\"https:\/\/futureg.sk\/hu\/\"},{\"@type\":\"ListItem\",\"position\":2,\"name\":\"Szuburbaniz\u00e1ci\u00f3\"}]},{\"@type\":\"WebSite\",\"@id\":\"https:\/\/futureg.sk\/hu\/#website\",\"url\":\"https:\/\/futureg.sk\/hu\/\",\"name\":\"FutuReg PT\",\"description\":\"R\u00e9gi\u00f3nk \u00e9s gyermekeink fejleszt\u00e9s\u00e9\u00e9rt\",\"potentialAction\":[{\"@type\":\"SearchAction\",\"target\":{\"@type\":\"EntryPoint\",\"urlTemplate\":\"https:\/\/futureg.sk\/hu\/?s={search_term_string}\"},\"query-input\":{\"@type\":\"PropertyValueSpecification\",\"valueRequired\":true,\"valueName\":\"search_term_string\"}}],\"inLanguage\":\"hu\"}]}<\/script>\n<!-- \/ Yoast SEO plugin. -->","yoast_head_json":{"title":"Szuburbaniz\u00e1ci\u00f3 - FutuReg PT","robots":{"index":"index","follow":"follow","max-snippet":"max-snippet:-1","max-image-preview":"max-image-preview:large","max-video-preview":"max-video-preview:-1"},"canonical":"https:\/\/futureg.sk\/hu\/szuburban\/","og_locale":"hu_HU","og_type":"article","og_title":"Szuburbaniz\u00e1ci\u00f3 - FutuReg PT","og_description":"EBOOK SZUBURBANIZ\u00c1CI\u00d3 \u00c9S PAND\u00c9MIA (2022) A Covid-19 megv\u00e1ltoztatta \u00e9let\u00fcnket \u00e9s lakhat\u00e1sunkat. T\u00f6bb otthoni iroda, kevesebb utaz\u00e1s, t\u00f6bb \u00fczemanyag, kevesebb aut\u00f3, dr\u00e1g\u00e1bb \u00e1rak, jelent\u0151sebb infl\u00e1ci\u00f3. Az \u00faj lak\u00e1sok ir\u00e1nt \u00e9rdekl\u0151d\u0151k preferenci\u00e1inak \u2013 a v\u00edrussal \u00e9s az int\u00e9zked\u00e9sekkel \u00f6sszef\u00fcgg\u0151 \u2013 eltol\u00f3d\u00e1sa arra k\u00e9nyszer\u00edt benn\u00fcnket, hogy lakhat\u00e1sunk sz\u00e1mos aspektus\u00e1t \u00e1t\u00e9rt\u00e9kelj\u00fck. Trendi lett a multifunkcionalit\u00e1s? Hiszen ha otthon akarunk [&hellip;]","og_url":"https:\/\/futureg.sk\/hu\/szuburban\/","og_site_name":"FutuReg PT","article_modified_time":"2022-10-27T14:03:52+00:00","og_image":[{"url":"http:\/\/futureg.sk\/hu\/wp-content\/uploads\/sites\/2\/2019\/10\/huszi-229x300.jpg","type":"","width":"","height":""}],"twitter_card":"summary_large_image","twitter_misc":{"Becs\u00fclt olvas\u00e1si id\u0151":"6 perc"},"schema":{"@context":"https:\/\/schema.org","@graph":[{"@type":"WebPage","@id":"https:\/\/futureg.sk\/hu\/szuburban\/","url":"https:\/\/futureg.sk\/hu\/szuburban\/","name":"Szuburbaniz\u00e1ci\u00f3 - FutuReg PT","isPartOf":{"@id":"https:\/\/futureg.sk\/hu\/#website"},"primaryImageOfPage":{"@id":"https:\/\/futureg.sk\/hu\/szuburban\/#primaryimage"},"image":{"@id":"https:\/\/futureg.sk\/hu\/szuburban\/#primaryimage"},"thumbnailUrl":"http:\/\/futureg.sk\/hu\/wp-content\/uploads\/sites\/2\/2019\/10\/huszi-229x300.jpg","datePublished":"2019-09-22T12:42:51+00:00","dateModified":"2022-10-27T14:03:52+00:00","breadcrumb":{"@id":"https:\/\/futureg.sk\/hu\/szuburban\/#breadcrumb"},"inLanguage":"hu","potentialAction":[{"@type":"ReadAction","target":["https:\/\/futureg.sk\/hu\/szuburban\/"]}]},{"@type":"ImageObject","inLanguage":"hu","@id":"https:\/\/futureg.sk\/hu\/szuburban\/#primaryimage","url":"http:\/\/futureg.sk\/hu\/wp-content\/uploads\/sites\/2\/2019\/10\/huszi-229x300.jpg","contentUrl":"http:\/\/futureg.sk\/hu\/wp-content\/uploads\/sites\/2\/2019\/10\/huszi-229x300.jpg"},{"@type":"BreadcrumbList","@id":"https:\/\/futureg.sk\/hu\/szuburban\/#breadcrumb","itemListElement":[{"@type":"ListItem","position":1,"name":"Home","item":"https:\/\/futureg.sk\/hu\/"},{"@type":"ListItem","position":2,"name":"Szuburbaniz\u00e1ci\u00f3"}]},{"@type":"WebSite","@id":"https:\/\/futureg.sk\/hu\/#website","url":"https:\/\/futureg.sk\/hu\/","name":"FutuReg PT","description":"R\u00e9gi\u00f3nk \u00e9s gyermekeink fejleszt\u00e9s\u00e9\u00e9rt","potentialAction":[{"@type":"SearchAction","target":{"@type":"EntryPoint","urlTemplate":"https:\/\/futureg.sk\/hu\/?s={search_term_string}"},"query-input":{"@type":"PropertyValueSpecification","valueRequired":true,"valueName":"search_term_string"}}],"inLanguage":"hu"}]}},"_links":{"self":[{"href":"https:\/\/futureg.sk\/hu\/wp-json\/wp\/v2\/pages\/235","targetHints":{"allow":["GET"]}}],"collection":[{"href":"https:\/\/futureg.sk\/hu\/wp-json\/wp\/v2\/pages"}],"about":[{"href":"https:\/\/futureg.sk\/hu\/wp-json\/wp\/v2\/types\/page"}],"author":[{"embeddable":true,"href":"https:\/\/futureg.sk\/hu\/wp-json\/wp\/v2\/users\/1"}],"replies":[{"embeddable":true,"href":"https:\/\/futureg.sk\/hu\/wp-json\/wp\/v2\/comments?post=235"}],"version-history":[{"count":6,"href":"https:\/\/futureg.sk\/hu\/wp-json\/wp\/v2\/pages\/235\/revisions"}],"predecessor-version":[{"id":652,"href":"https:\/\/futureg.sk\/hu\/wp-json\/wp\/v2\/pages\/235\/revisions\/652"}],"wp:attachment":[{"href":"https:\/\/futureg.sk\/hu\/wp-json\/wp\/v2\/media?parent=235"}],"curies":[{"name":"wp","href":"https:\/\/api.w.org\/{rel}","templated":true}]}}