{"id":14,"date":"2018-11-07T13:19:29","date_gmt":"2018-11-07T13:19:29","guid":{"rendered":"http:\/\/futureg.sk\/hu\/?page_id=14"},"modified":"2020-10-10T23:49:11","modified_gmt":"2020-10-10T23:49:11","slug":"projektek","status":"publish","type":"page","link":"https:\/\/futureg.sk\/hu\/projektek\/","title":{"rendered":"Projektek"},"content":{"rendered":"<p><a href=\"https:\/\/futureg.sk\/hu\/szuburban\/\">SZUBURBANIZ\u00c1CI\u00d3<\/a><\/p>\n<p><a href=\"https:\/\/futureg.sk\/hu\/tolerancia\/\">TOLERANCIA<\/a><\/p>\n<p><a href=\"https:\/\/futureg.sk\/hu\/sulimediator\/\">SULIMEDI\u00c1TOR<\/a><\/p>\n<p><a href=\"http:\/\/minoritykids.fonix.sk\/wp-content\/uploads\/2016\/08\/Konf-ko%CC%88tet_bori%CC%81to%CC%81val_web.pdf\"><strong>MINORITY KIDS KONFERANCIAK\u00d6TET<\/strong><\/a><\/p>\n<p>A\u00a0projekt terve, hogy bemutassa \u00e9s szakmai k\u00f6r\u00f6kben n\u00e9pszer\u0171s\u00edtse a\u00a0Kisebbs\u00e9gben \u00e9l\u0151 gyerekek konferencia eredm\u00e9nyeit. C\u00e9lja, hogy megjelentesse a\u00a02017.j\u00fanius 2.-.3-\u00e1n Somorj\u00e1n megrendezett\u00a0konferenci\u00e1n elhangzottakat. Ez a\u00a0konferenciak\u00f6tet m\u00e1r a\u00a04. lesz a\u00a0sorban, melyet a\u00a0Phoenix PT egy\u00fcttm\u0171k\u00f6d\u00e9s\u00e9vel tartott konferenci\u00e1k \u00f6sszefoglal\u00f3i alkotnak. K\u00f6ztes c\u00e9l, hogy az el\u0151ad\u00f3k publik\u00e1ci\u00f3s tev\u00e9kenys\u00e9get folytathassanak magyar nyelven a\u00a0szakter\u00fclet\u00fck\u00f6n, amely tov\u00e1bb motiv\u00e1lja \u0151ket az egy\u00e9b szakmai el\u0151ad\u00e1sokon val\u00f3 r\u00e9szv\u00e9telre \u00e9s a\u00a0terepmunk\u00e1ra. A\u00a0projekt aktivit\u00e1sai f\u0151leg a konferenci\u00e1n el\u0151ad\u00f3k sz\u00f6vegeinek szerkeszt\u00e9se, korrekt\u00far\u00e1ja, lektor\u00e1l\u00e1sa ismertet\u0151kkel \u00e9s a konferenciak\u00f6tet nyomtatott form\u00e1ban val\u00f3 kiad\u00e1sa, hogy tudom\u00e1nyos c\u00e9lokra reprezentat\u00edv legyen. C\u00e9lcsoportok az akad\u00e9miai k\u00f6z\u00f6ss\u00e9g, az egyetemi fels\u00e9gter\u00fclet, a\u00a0legfontosabb feln\u0151ttek a\u00a0gyermek sz\u00e1m\u00e1ra (sz\u00fcl\u0151, nevel\u0151, pedag\u00f3gus).<\/p>\n<p><a href=\"http:\/\/minoritykids.fonix.sk\/wp-content\/uploads\/2018\/10\/ebook_komplet2.pdf\"><strong>ELEMZ\u00c9SEK : A LEGJOBB \u00c9RDEK &#8211; TANULM\u00c1NY<\/strong><\/a><\/p>\n<p>A\u00a0projekt c\u00e9lja A S<strong>zlov\u00e1ki\u00e1ban \u00e9l\u0151 magyar gyerekek legf\u0151bb \u00e9rdeke<\/strong> c\u00edm\u0171 tudom\u00e1nyos- ismeretterjeszt\u0151 tanulm\u00e1ny megval\u00f3s\u00edt\u00e1sa. A\u00a0tanulm\u00e1ny, amely magyar nyelven \u00edrott form\u00e1ban m\u00e9g nincs f\u00f6ldolgozva, a\u00a0Minority Kids projekt \u00e1ltal szerzett ismeretekb\u0151l indul ki, amely projekt\u00fcnk online m\u00e1r harmadik \u00e9ve m\u0171k\u00f6dik. Szak\u00e9rt\u0151ink dolgoztak a\u00a0A\u00a0gyerekek kisebbs\u00e9gben projekten \u00e9s a\u00a0Minority Kids Offline-on is, ahol \u00f6sszes\u00edtett\u00e9k ismereteiket a\u00a0nevel\u00e9s, kult\u00fara ter\u00fcleteir\u0151l, \u00e9s a\u00a0nemzetis\u00e9gi kisebbs\u00e9gekben \u00e9l\u0151 gyerekek lehet\u0151s\u00e9geir\u0151l. A\u00a0projekt f\u0151 c\u00e9ljai: szakszer\u0171en elemezni a\u00a0gyerekek jogainak, sz\u00fcks\u00e9gleteinek, \u00e9rdekeinek \u00e1t\u00fcltet\u00e9s\u00e9t, v\u00e9delm\u00e9t, bet\u00f6lt\u00e9s\u00e9t az ENSZ Egyezm\u00e9ny a\u00a0kisebbs\u00e9gben \u00e9l\u0151 gyermekek jogair\u00f3l \u00e9rtelm\u00e9ben. C\u00e9lcsoportok a\u00a0gyerekekkel foglalkoz\u00f3 szervezetek, iskol\u00e1k, \u00f3vod\u00e1k \u00e9s a\u00a0legfontosabb feln\u0151ttek a\u00a0gyermek \u00e9let\u00e9ben (sz\u00fcl\u0151, pedag\u00f3gus).<\/p>\n<p><strong>KUTAT\u00c1S : SZUBURBANIZ\u00c1CI\u00d3 \u00c9S IDENTIT\u00c1S<\/strong><\/p>\n<p>A\u00a0projekt c\u00e9lja a\u00a0kutat\u00e1s a\u00a0<strong>r\u00e9gi\u00f3k identit\u00e1s\u00e1nak ter\u00fclet\u00e9n<\/strong> val\u00f3 megval\u00f3s\u00edt\u00e1sa\u00a0<strong>f\u0151leg szuburb\u00e1n ter\u00fcleteken<\/strong> a\u00a0f\u0151v\u00e1ros k\u00f6rny\u00e9k\u00e9n, \u00e9s azokban a\u00a0strat\u00e9giai v\u00e1rosokban, ahol magyar kisebbs\u00e9g \u00e9l. A\u00a0kutat\u00e1s, melynek f\u0151 t\u00e9m\u00e1ja a\u00a0r\u00e9gion\u00e1lis identit\u00e1s \u00e9s kisr\u00e9gi\u00f3nk imidzs\u00e9nek vizsg\u00e1lata\u00a0szocio\u00f6kon\u00f3miai t\u00e9ren, c\u00e9lj\u00e1ul t\u0171zte ki a\u00a0dinamikusan fejl\u0151d\u0151 kult\u00fara trendjeit \u00e9s az \u00fan. &#8222;\u00fajkori szuburb\u00e1n falvak&#8221; identit\u00e1s\u00e1nak f\u00f6lt\u00e9rk\u00e9pez\u00e9s\u00e9t is. A\u00a0projekt konkr\u00e9tan Csall\u00f3k\u00f6zzel foglalkozik, \u00e9s kompar\u00e1ci\u00f3val hasonl\u00edtja a\u00a0szuburbaniz\u00e1ci\u00f3t m\u00e1s trendekkel Szlov\u00e1ki\u00e1ban vagy a\u00a0vil\u00e1gban. <a href=\"https:\/\/docs.google.com\/forms\/d\/1R-_CnO6KlY7Gx9E4dsbC--oMccKSdcSoY8XkOuKimTc\/prefill\">Egy szocio\u00f6kon\u00f3miai kutat\u00e1s<\/a> adja a\u00a0projekt f\u0151 c\u00e9lj\u00e1nak kiindul\u00e1si pontj\u00e1t, amely a\u00a0r\u00e9gi\u00f3 identit\u00e1s\u00e1nak \u00e9s a\u00a0mikror\u00e9gi\u00f3 egyedis\u00e9geinek k\u00e9rd\u00e9seivel foglalkozik az imidzs vonatkoz\u00e1s\u00e1ban, mely fontos gazdas\u00e1gi mutat\u00f3kra van hat\u00e1ssal. A\u00a0projekt aktivit\u00e1sai magukba foglalj\u00e1k az els\u0151dleges \u00e9s m\u00e1sodlagos, online k\u00e9rd\u0151\u00edvek form\u00e1j\u00e1ban v\u00e9gzett felm\u00e9r\u00e9seket, \u00e9s az eredm\u00e9nyek ki\u00e9rt\u00e9kel\u00e9s\u00e9t, amely a\u00a0z\u00e1r\u00f3jelent\u00e9sben k\u00e9t nyelven lesz prezent\u00e1lva. C\u00e9lcsoport a\u00a0szakmai \u00e9s a\u00a0laikus k\u00f6z\u00f6ns\u00e9g, mivel az eredm\u00e9nyek grafikusan \u00e9s \u00edr\u00e1sban is \u00e9rthet\u0151en lesznek interpret\u00e1lva.<\/p>\n<p>ADATGY\u0170JT\u00c9S<\/p>\n<p>https:\/\/docs.google.com\/forms\/d\/1R-_CnO6KlY7Gx9E4dsbC&#8211;oMccKSdcSoY8XkOuKimTc\/prefill<\/p>\n<p><a href=\"http:\/\/www.minoritykids.sk\"><strong>MINORITY KIDS ONLINE WEBTAN\u00c1CSAD\u00c1S<\/strong><\/a><\/p>\n<p>A\u00a0projekt c\u00e9lja a\u00a0kisebbs\u00e9gben \u00e9l\u0151 gyerekek \u00e9s any\u00e1k jogainak \u00e9s \u00e9rdek\u00e9nek online eszk\u00f6z\u00f6k seg\u00edts\u00e9g\u00e9vel t\u00f6rt\u00e9n\u0151 v\u00e9delme. Konkr\u00e9tan szeretn\u00e9nk a\u00a0minoritykids.sk blogon \u00e1lland\u00f3an relev\u00e1ns tartalom k\u00e9sz\u00edt\u00e9s\u00e9vel min\u00e9l t\u00f6bb aktivist\u00e1t csatlakoztatni a\u00a0projekthez, \u00e9s az egyes\u00fclet hossz\u00fa ideje m\u0171k\u00f6d\u0151 weboldal\u00e1n \u00e9s befutott blog f\u00f3rum\u00e1n egyedi tartalmakat k\u00f6z\u00f6lni. A\u00a0blog egyben tan\u00e1csad\u00f3i projekt is a\u00a0gyermekek sz\u00e1m\u00e1ra, \u00e9s nagyon k\u00f6zkedvelt az olvas\u00f3k k\u00f6r\u00e9ben, mivel a\u00a0csal\u00e1di \u00e9lettel, nevel\u00e9ssel, oktat\u00e1ssal \u00e9s a\u00a0gyerekek \u00e9let\u00fatj\u00e1val foglalkozik. B\u00e1r a\u00a0gyermekek probl\u00e9m\u00e1i kezelhet\u0151ek szem\u00e9lyesen specialist\u00e1kn\u00e1l, j\u00f3 dolog magyar nyelv\u0171 szakembert tal\u00e1lni a\u00a0k\u00f6rny\u00e9ken, \u00e9pp ez\u00e9rt k\u00fcldet\u00e9se a\u00a0Minority Kids els\u0151 magyar csal\u00e1di tan\u00e1csad\u00f3i port\u00e1lnak Szlov\u00e1ki\u00e1ban, hogy szak\u00e9rt\u0151i k\u00f6z\u00f6ss\u00e9get \u00e9p\u00edtsen ki. A cikkek a\u00a0kisebbs\u00e9gben \u00e9l\u0151 gyerekek egyenjog\u00fa nevel\u00e9s\u00e9vel foglalkoznak, emberi \u00e9s m\u00e9lt\u00f3s\u00e1gteljes form\u00e1ban anya \u00e9s gyermeke sz\u00e1m\u00e1ra. F\u0151 aktivit\u00e1s az inform\u00e1ci\u00f3k magyar nyelven t\u00f6rt\u00e9n\u0151 szakszer\u0171 terjeszt\u00e9se. Mivel\u00a0 a\u00a0gyerekek a\u00a0t\u00f6bbs\u00e9gi t\u00e1rsadalomb\u00f3l sz\u00e1rmaz\u00f3 gyerekekkel nevelkednek, fontos, hogy a\u00a0saj\u00e1t k\u00f6rnyezet\u00fckben az inform\u00e1ci\u00f3k \u00e9desanyjukon kereszt\u00fcl anyanyelven juthassanak el hozz\u00e1juk. Hasonl\u00f3 gyermekbar\u00e1t-tan\u00e1csad\u00f3 inform\u00e1ci\u00f3k Szlov\u00e1ki\u00e1ban magyar nyelven nem \u00e9rhet\u0151ek el, \u00e9s nincsenek tematikailag besorolva sem, \u00fagy mint Gyermekl\u00e9lek, Eg\u00e9szs\u00e9g, Anyas\u00e1g, Oktat\u00e1s, Online tan\u00e1csad\u00e1s. Nagy \u00e9rdekl\u0151d\u00e9st figyelhet\u00fcnk meg cikkeink ir\u00e1nt mindk\u00e9t nyelven, ez\u00e9rt szeretn\u00e9nk a\u00a02018-as \u00e9vben folytatni a\u00a0c\u00e9lcsoportok, csal\u00e1dok, any\u00e1k sz\u00e1m\u00e1ra, illetve nagyobb hangs\u00falyt helyezni az ap\u00e1k szerep\u00e9re \u00e9s a\u00a0sz\u00fcl\u0151k egyenjog\u00fas\u00e1g\u00e1ra. A\u00a0c\u00e9lcsoportok k\u00f6r\u00e9t kisz\u00e9les\u00edtj\u00fck a\u00a0nagysz\u00fcl\u0151kre \u00e9s a\u00a0pedag\u00f3gusokra is. Nagyszombati ker\u00fcleti \u00f6nkorm\u00e1nyzat dot\u00e1ci\u00f3ja Kult\u00fara \u00e9s sport ter\u00e9n 2018-ban t\u00e1mogatta a programot.<\/p>\n<p><strong>MESETER\u00c1PIA A K\u00d6NYVT\u00c1RBAN<\/strong><\/p>\n<p>A\u00a0BabyCulturArt 2018 avagy kult\u00fara \u00e9s m\u0171v\u00e9szet a\u00a0legkisebb gyermekeknek egy kezdem\u00e9nyez\u00e9s sz\u00e9lesk\u00f6r\u0171 kultur\u00e1lis aktivit\u00e1sok kialak\u00edt\u00e1s\u00e1ra a\u00a0legkisebb gyermekek r\u00e9sz\u00e9re a\u00a0r\u00e9gi\u00f3ban. A\u00a0projekt gyakorlatilag gyermekek sz\u00e1m\u00e1ra rendezett rendszeres kultur\u00e1lis rendezv\u00e9nyeket jelentene, k\u00f6z\u00f6s tal\u00e1lkoz\u00f3kat a\u00a0gyerekekkel Somorja v\u00e1ros\u00e1ban, \u00daszoron, illetve egy\u00e9b k\u00f6rnyez\u0151 falvakban a\u00a0Dunaszerdahelyi j\u00e1r\u00e1sban (a Nagyszombati K\u00d6 ter\u00fclet\u00e9n), mindamellett a\u00a0fejleszt\u0151 kultur\u00e1lis vagy oktat\u00f3 aktivit\u00e1s mellett, amely a\u00a0Minority Kids projekt aktivist\u00e1inak \u00f6tleteib\u0151l sz\u00fcletett 2015-2017 k\u00f6z\u00f6tt (<a href=\"http:\/\/www.minoritykids.sk\">www.minoritykids.sk<\/a>). C\u00e9l megtartani a\u00a0projekt \u00e1ltal kialakult online k\u00f6z\u00f6ss\u00e9get, mint ahogy a\u00a0hozz\u00e1j\u00e1rul\u00e1s is a\u00a0r\u00e9gi\u00f3 kultur\u00e1lis fejl\u0151d\u00e9s\u00e9hez, f\u0151k\u00e9nt re\u00e1lis kultur\u00e1lis aktivit\u00e1sok form\u00e1j\u00e1ban. A\u00a0BabyCulturArt 2018 \u00e9rdekes aktivit\u00e1sokkal akarja \u00f6sszefogni az anyuk\u00e1k \u00e9s gyermekeik csoportjait. A\u00a0kultur\u00e1lis \u00e9s t\u00e1rsadalmi aktivit\u00e1sok ter\u00fcletei a\u00a0gyermek pszichol\u00f3gussal val\u00f3 tal\u00e1lkoz\u00e1s, a\u00a0hordoz\u00e1s t\u00e1mogat\u00e1sa, tan\u00e1csad\u00e1s a\u00a0gyermekek zenei, m\u0171v\u00e9szeti \u00e9s t\u00f6bbnyelv\u0171 oktat\u00e1sa ter\u00e9n. A\u00a0kult\u00far jelleg\u0171 tal\u00e1lkoz\u00f3kon megismern\u00e9k a\u00a0gyerekek a\u00a0csall\u00f3k\u00f6zi kult\u00fara k\u00fcl\u00f6nb\u00f6z\u0151 r\u00e9szeit mint a\u00a0zene, meseter\u00e1pia, irodalom \u00e9s n\u00e9pmes\u00e9k vagy a\u00a0k\u00e9pz\u0151m\u0171v\u00e9szet. A\u00a0megval\u00f3s\u00edt\u00e1s tervezett id\u0151pontja hozz\u00e1vet\u0151legesen 2018 \u00e1prilis \u2013 2018 november.<\/p>\n<p><strong>Workshop \u2013 Szakmai konferencia J\u00f6v\u0151nk Gyermekei\u00e9rt<\/strong><\/p>\n<p><strong>FutuReg aktivit\u00e1sok. BGA Betlen G\u00e1bor Alap\u00edtv\u00e1ny p\u00e1ly\u00e1zata:<\/strong><\/p>\n<p>A\u00a0projekt a legkisebb gyermekek oktat\u00e1si \u00e9s kultur\u00e1lis sz\u00fcks\u00e9gleteib\u0151l indul ki, tov\u00e1bb\u00e1 a nem el\u00e9rhet\u0151 aktivit\u00e1sok list\u00e1j\u00e1b\u00f3l azon telep\u00fcl\u00e9seken, ahol a\u00a0PT a\u00a0legt\u00f6bb fejleszt\u0151 \u00e9s kreat\u00edv aktivit\u00e1s\u00e1t v\u00e9gzi, azaz\u00a0Somorj\u00e1n \u00e9s a\u00a0Dunaszerdahelyi j\u00e1r\u00e1s egyes falvaiban. A\u00a0jelenlegi szitu\u00e1ci\u00f3 az alkot\u00f3m\u0171helyek \u00e9s tal\u00e1lkoz\u00f3k szervez\u00e9s\u00e9nek ig\u00e9ny\u00e9t illet\u0151en legink\u00e1bb a\u00a0nem el\u00e9gs\u00e9ges sz\u00e1m\u00fa kisebb, \u00f3vod\u00e1skor\u00fa gyermekek sz\u00e1m\u00e1ra szervezett nemzetis\u00e9gi nyelven zajl\u00f3 kult\u00far\u00e1lis aktivit\u00e1ssal indokolt. A\u00a0magyar nyelv\u0171 szakk\u00f6r\u00f6k \u00e9s szabadid\u0151s tev\u00e9kenys\u00e9gekre val\u00f3 lehet\u0151s\u00e9g a\u00a0kisgyermekek sz\u00e1m\u00e1ra fontos, mert 6 \u00e9ves korban nagy d\u00f6nt\u00e9s v\u00e1r r\u00e1juk, m\u00e9gpedig hogy milyen nyelv\u0171 iskol\u00e1t v\u00e1lasztanak; illetve hogy maguk\u00e9nak \u00e9rzik e az adott kult\u00far\u00e1t, mivel sok esetben a\u00a0magyar iskol\u00e1ba val\u00f3 be\u00edrat\u00e1s kamp\u00e1nya nem el\u00e9gs\u00e9ges, illet\u0151leg az a\u00a0f\u00e1zis sokszor megk\u00e9sett. A\u00a0projekt c\u00e9lja azon aktivit\u00e1sok t\u00e1mogat\u00e1sa, melyek \u00e9rtelemteljesek a\u00a0gyerekek sz\u00e1m\u00e1ra, a\u00a0szabadid\u0151 effekt\u00edv kihaszn\u00e1l\u00e1sa annak \u00e9rdek\u00e9ben, hogy a\u00a0gyermekeket min\u00e9l kevesebb negat\u00edv hat\u00e1s \u00e9rje. T\u00e1mogat\u00e1sra lelnek az \u00faj, inspirat\u00edv m\u00f3dszerek \u00e9s a\u00a0szabadid\u0151 elt\u00f6lt\u00e9s\u00e9nek akt\u00edv form\u00e1i, hangs\u00falyt fektetve azok nevel\u0151i jelleg\u00e9re, illetve a\u00a0nemzetis\u00e9gi kisebbs\u00e9gek kult\u00far\u00e1j\u00e1nak \u00e9s nyelv\u00e9nek fellend\u00edt\u00e9s\u00e9re. A\u00a0probl\u00e9ma, amely a \u201e mozg\u00f3 anyaklub\u201c seg\u00edts\u00e9g\u00e9vel old\u00f3dhat meg, a magyar \u00e9s szlov\u00e1k nyelv\u0171 kultur\u00e1lis-t\u00e1rsadalmi programok el\u00e9gtelen sz\u00e1m\u00e1b\u00f3l ered, vagy teljes hi\u00e1nya\u00a0 \u00e9szrevehet\u0151 babamamaklubokban, a\u00a0kultur\u00e1lis int\u00e9zm\u00e9nyekben vagy m\u00e1s t\u00e1rsadalmi kezdem\u00e9nyez\u00e9sekben. Ebb\u0151l kifoly\u00f3lag a\u00a02018-as \u00e9vre a\u00a0k\u00f6vetkez\u0151 tal\u00e1lkoz\u00f3k vannak tervben:A j\u00f6v\u0151 gyermekei\u00e9rt c\u00edmen.<\/p>\n<p>&nbsp;<\/p>\n<p><strong>MINORITY KIDS &#8211; Az emberis\u00e9g k\u00f6teles a legjobbat adni egy gyermeknek.<\/strong><\/p>\n<p><strong>A projekt, \u00e9s egyben az online tan\u00e1csad\u00e1si fel\u00fclet kisebbs\u00e9gben \u00e9l\u0151 gyerekekkel foglalkozik. A kulcs szavaink: gyerek-es\u00e9lyegyenl\u0151s\u00e9g, az OSN egyezm\u00e9ny szerinti a gyerekek legjobb \u00e9rdeke, effekt\u00edv gyereknevel\u00e9s, gyerekek \u00e9s any\u00e1k helye a t\u00e1rsadalomban, gyermek \u00e9s anya k\u00f6z\u00f6s \u00fatja a tisztess\u00e9ges sz\u00fclet\u00e9st\u0151l eg\u00e9szen az alternat\u00edv ov\u00f3d\u00e1ig, meseter\u00e1pia. Jelszavunk a kicsi gyerekek (Minor Kids), akik nemzeti kisebbs\u00e9gben \u00e9lnek (Minority Kids), \u00e9s multikultur\u00e1lis k\u00f6zeg\u00fckben a gyermek legjobb \u00e9rdekeinek felt\u00e9teleit kell alkalmazni.<\/strong><\/p>\n<p><a href=\"https:\/\/www.facebook.com\/groups\/1776700409246592\/about\/\">Any\u00e1k ONLINE kreat\u00edv, seg\u00edt\u0151, fejleszt\u0151, szakmai csoport<\/a><\/p>\n<p>WOWMOM a szlov\u00e1k weboldalon<\/p>\n<p><a href=\"https:\/\/www.facebook.com\/groups\/586007898193101\/about\/\">2. Csal\u00e1dbar\u00e1tOK F\u00f3ruma<\/a><\/p>\n<p>Szlov\u00e1kiai magyar sz\u00fcl\u0151knek, fiatal csal\u00e1dalap\u00edt\u00e1s el\u0151tt \u00e1ll\u00f3knak, kismam\u00e1knak, any\u00e1knak \u00e9s csal\u00e1d-szimpatiz\u00e1nsoknak l\u00e9trehozott csoport, f\u00f3rum, online t\u00e9r. A Csal\u00e1dbar\u00e1toK F\u00f3ruma &#8221; CsaF&#8221; t\u00f6bbek k\u00f6zt a Minority Kids projekt t\u00e9m\u00e1it is osztja. Ez a szlov\u00e1kiai magyar kisebbs\u00e9gben \u00e9l\u0151 gyermek-\u00e9rdekv\u00e9delmi, any\u00e1kat t\u00e1mogat\u00f3, csal\u00e1dbar\u00e1t port\u00e1l a multikultur\u00e1lis gyermekek nevel\u00e9se miatt j\u00f6tt l\u00e9tre Szlov\u00e1ki\u00e1ban. A CsaF tartalm\u00e1b\u00f3l \u00e9s inform\u00e1ci\u00f3ib\u00f3l (is) t\u00e1pl\u00e1lkozik: Mi mindent jelenthet az a nagy &#8222;OK&#8221;? Online \u00e9s Kids ?! Minority Kids, Magyar Kids, Multikulti Kids&#8230;amit szeretn\u00e9tek. <a class=\"_553k\" href=\"http:\/\/www.minoritykids.fonix.sk\" target=\"_blank\" rel=\"nofollow noopener noreferrer\">www.minoritykids.fonix.sk<\/a> Tartalom: &#8211; Inform\u00e1ci\u00f3k szlov\u00e1kiai magyar vagy m\u00e1s k\u00f6zeli rendezv\u00e9nyekr\u0151l, programokr\u00f3l &#8211; H\u00edrek, trendek, posztok, blogbejegz\u00e9sek, tan\u00e1csok, amik seg\u00edthetik egy csal\u00e1d \u00e9let\u00e9t &#8211; V\u00e9lem\u00e9nyek, tan\u00e1csok, \u00fajdons\u00e1gok ezekben t\u00e9mak\u00f6r\u00f6kben: *csal\u00e1dter\u00e1pia, *gyermeknevel\u00e9s, *eg\u00e9szs\u00e9ges \u00e9letm\u00f3d gyermekeknek, *anyavil\u00e1g sz\u00e9ps\u00e9ge, neh\u00e9zs\u00e9ge, kih\u00edv\u00e1sai, *motiv\u00e1ci\u00f3 sz\u00fcl\u0151knek *oktat\u00f3i, tan\u00e1ri, orvosi, szak\u00e9rt\u0151i v\u00e9lem\u00e9nyek ig\u00e9nyelt t\u00e9m\u00e1ban. Kiemelt region\u00e1lis programok, csal\u00e1dbar\u00e1t tal\u00e1lkoz\u00f3k, j\u00e1tsz\u00f3h\u00e1zak: Pozsony \u00e9s k\u00f6rny\u00e9ke, Dunaszerdahelyi j\u00e1r\u00e1s, Csall\u00f3k\u00f6z. \u00e1rjuk az \u00e9pit\u0151 \u00f6tleteket, t\u00e9ma javaslatokat, illetve tan\u00e1csokat. Amit sz\u00edvesen megosztan\u00e1tok, azt tegy\u00e9tek a k\u00f6z\u00f6s falra:) \u00dcdv az Onlinke Klubban:)adminOK<\/p>\n<p>&nbsp;<\/p>\n<p><strong>Multikultur\u00e1lis mes\u00e9k<\/strong><\/p>\n<p>A projekt c\u00e9lja multikultur\u00e1lis mes\u00e9s tal\u00e1lkoz\u00f3k szervez\u00e9se a nemzeti kisebbs\u00e9geknek, mindenekel\u0151tt a magyar, cseh \u00e9s roma gyerekeknek \u00e9s sz\u00fcleiknek. Az \u00e9lm\u00e9nyk\u00f6zpont\u00fa workshop megval\u00f3s\u00edt\u00e1sakor a gyerekek \u00e9s szakemberek egy\u00fctt dolgoznak, k\u00f6z\u00f6sen alkotnak egy nemzetis\u00e9gileg vegyes k\u00f6rnyezetben, ahol a gyerekek k\u00e9pes-sz\u00f6veges bemutat\u00f3n kereszt\u00fcl vizualiz\u00e1lhatj\u00e1k az irodalom, a mes\u00e9k \u00e9s a hagyom\u00e1nyok sz\u00e9ps\u00e9g\u00e9t, mik\u00f6zben megismerik a nemzet, a nemzeti kisebbs\u00e9g \u00e9s a r\u00e9gi\u00f3 kult\u00far\u00e1j\u00e1t, \u00e9s megtanulj\u00e1k annak szok\u00e1sait. A projekt a nemzeti kisebbs\u00e9gek k\u00e9pvisel\u0151i k\u00f6zt fenn\u00e1ll\u00f3 akad\u00e1lyok lek\u00fczd\u00e9s\u00e9re ir\u00e1nyul. Ezek az akad\u00e1lyok az ugyanabban a t\u00e9rs\u00e9gben \u00e9l\u0151 t\u00f6bbs\u00e9gi, kisebbs\u00e9gi, etnikai \u00e9s kultur\u00e1lis csoportok k\u00f6zti k\u00f6lcs\u00f6n\u00f6s megismer\u00e9s \u00e9s meg\u00e9rt\u00e9s hi\u00e1ny\u00e1b\u00f3l fakadnak.\u00a0Els\u0151sorban a d\u00e9l-szlov\u00e1kiai\u00a0vid\u00e9kek azok a ter\u00fcletek, ahol a szlov\u00e1k, magyar \u00e9s roma lakoss\u00e1g egy\u00fctt \u00e9l m\u00e1r t\u00f6bb \u00e9vsz\u00e1zada. Ennek ellen\u00e9re m\u00e9g mindig nem rendelkeznek elegend\u0151 ismerettel egym\u00e1s kult\u00far\u00e1j\u00e1r\u00f3l, mes\u00e9ir\u0151l, gyermekirodalm\u00e1r\u00f3l \u00e9s szok\u00e1sair\u00f3l.<\/p>\n<p><a href=\"http:\/\/futureg.sk\/blog\/2017\/05\/24\/multikulturne-rozpravky-i-pozsonyi-mesek-bratislavske-rozpravky\/\">Multikult\u00far\u00e1lis mes\u00e9k I &#8211; Pozsonyi mes\u00e9k<\/a><\/p>\n<p><a href=\"http:\/\/futureg.sk\/blog\/2017\/05\/27\/multikulturne-rozpravky-ii-somorjai-mesek-samorinske-rozpravky\/\">Multikult\u00far\u00e1lis mes\u00e9k II &#8211; Somorjai mes\u00e9k<\/a><\/p>\n<p>Multikult\u00far\u00e1lis mes\u00e9k III &#8211; Csall\u00f3k\u00f6zi mes\u00e9k<\/p>\n<p>Multikult\u00far\u00e1lis mes\u00e9k\u00a0 IV- Roma mes\u00e9k<\/p>\n<p><strong>\u00a0Minority Kids Offline<\/strong><\/p>\n<p>A projekt c\u00e9lja olyan rendezv\u00e9nysorozat szervez\u00e9se, amely keretein bel\u00fcl multikultur\u00e1lis tal\u00e1lkoz\u00e1sok val\u00f3sulnak meg, ahol a magyar \u00e9s m\u00e1s kisebbs\u00e9gek gyermekei \u00e9s a t\u00f6bbs\u00e9gi \u2013 szlov\u00e1k \u2013 t\u00e1radalom tagjai besz\u00e9lget\u00e9sek form\u00e1j\u00e1ban ismerkedhetnek meg egym\u00e1ssal. A tal\u00e1lkoz\u00e1sok azzal a sz\u00e1nd\u00e9kkal j\u00f6nnek l\u00e9tre, hogy a\u00a0r\u00e9sztvev\u0151k a gyerekek \u00e9s kisebbs\u00e9gi csal\u00e1dok konkr\u00e9t helyzet\u00e9t is vizsg\u00e1lj\u00e1k a kult\u00fara kontextus\u00e1ban.\u00a0 A megh\u00edvottak k\u00f6z\u00f6tt roma \u00e9s magyar gyerekek, valamint a FutuReg polg\u00e1ri t\u00e1rsul\u00e1s Minority Kids projektj\u00e9nek r\u00e9sztvev\u0151i szerepelnek. A rendezv\u00e9nyek sor\u00e1n a r\u00e9sztvev\u0151 gyerekek \u00e9s sz\u00fcleik toler\u00e1ns k\u00f6rnyezetben a www.minoritykids.fonix.sk port\u00e1lon el\u00e9rhet\u0151 t\u00e9m\u00e1kra \u00f6sszpontos\u00edtanak, egy\u00fcttm\u0171k\u00f6dve nemcsak nevel\u00e9si szak\u00e9rt\u0151kkel, de hangs\u00falyozva a k\u00f6z\u00f6s kult\u00far\u00e1t is. A tolerancia, az\u00a0antidiszkrimin\u00e1ci\u00f3, mint ahogy a rasszizmus elnyom\u00e1sa a tisztess\u00e9ges, toler\u00e1ns t\u00e1rsadalmi \u00e9let alapja.\u00a0A projekt c\u00e9ljai k\u00f6zt szerepel t\u00f6bbek k\u00f6z\u00f6tt a multikultur\u00e1lis nevel\u00e9s fejleszt\u00e9se, \u00e9s annak el\u0151seg\u00edt\u00e9se, hogy a t\u00f6bbs\u00e9gi t\u00e1rsadalom elismerje, elfogadja a nemzeti kisebbs\u00e9gek soksz\u00edn\u0171s\u00e9g\u00e9t \u00e9s jogait. A projekt keretein bel\u00fcl c\u00e9l a kisebbs\u00e9gi jogok ir\u00e1nti tisztelet er\u0151s\u00edt\u00e9se, amit a sz\u00fcl\u0151k sz\u00e1m\u00e1ra kialak\u00edtott tr\u00e9ningek szervez\u00e9s\u00e9vel \u00e9s egy praktikus k\u00e9zik\u00f6nyv anyag\u00e1nak bemutat\u00e1s\u00e1val terveznek el\u00e9rni a szervez\u0151k. A projekt j\u00f6v\u0151beli c\u00e9ljai m\u00e9g a helyi sz\u00fcl\u0151k \u00e9s akt\u00edv \u00e9desany\u00e1k k\u00f6z\u00f6ss\u00e9g\u00e9nek ki\u00e9p\u00edt\u00e9se, t\u00e1mogat\u00e1sa a multikultur\u00e1lis k\u00f6zegben t\u00f6rt\u00e9n\u0151 nevel\u00e9s ter\u00fclet\u00e9n. C\u00e9l egy k\u00e9zik\u00f6nyv kiad\u00e1sa is, amely seg\u00edts\u00e9get ny\u00fajt a gyerekek multikultur\u00e1lis nevel\u00e9s\u00e9hez, \u00e9s amely seg\u00edt tov\u00e1bbfejleszteni a kutat\u00e1si-tudom\u00e1nyos folyamatba be\u00e9p\u00edtett didaktikai \u00e9s metodikai kompetenci\u00e1kat.<\/p>\n<p><strong>K\u00f6z\u00f6s r\u00e9gi\u00f3nk &#8211; A hat\u00e1rmenti r\u00e9gi\u00f3 k\u00f6rnyezet\u00e9nek multikultur\u00e1lis kutat\u00e1sa<\/strong><\/p>\n<p>A projekten bel\u00fcl azon dolgozunk, hogy vizsg\u00e1ljuk D\u00e9l-Szlov\u00e1kia hat\u00e1rmenti r\u00e9gi\u00f3j\u00e1nak (szorosabb \u00e9rtelemben v\u00e9ve Csall\u00f3k\u00f6z) multikultur\u00e1lis t\u00e1rsadalm\u00e1t, \u00e9s \u00f6sszehasonl\u00edtsuk azt m\u00e1s (cseh, lengyel) hat\u00e1rmenti multikultur\u00e1lis r\u00e9gi\u00f3kkal a kult\u00fara \u00e9s nemzeti kisebbs\u00e9gi identit\u00e1s szempontj\u00e1b\u00f3l. Terepkutat\u00e1son kereszt\u00fcl dokument\u00e1ljuk a k\u00fcl\u00f6nb\u00f6z\u0151 \u00e9s k\u00f6z\u00f6s t\u00e9nyeket, \u00e9s Szlov\u00e1kia nyugati r\u00e9sz\u00e9n elter\u00fcl\u0151 hat\u00e1rmenti r\u00e9gi\u00f3k eredm\u00e9nyeit, ahol lengyel, magyar, n\u00e9met (osztr\u00e1k) \u00e9s cseh nemzeti kisebbs\u00e9gek \u00e9lnek. Ennek a feladatnak a kivitelez\u00e9se sor\u00e1n int\u00e9zm\u00e9ny\u00fcnk m\u00e1s region\u00e1lis szakemberekkel m\u0171k\u00f6dik egy\u00fctt. A kutat\u00e1s el\u0151re meghat\u00e1rozott feladatok \u00e9s k\u00e9rd\u0151\u00edvek alapj\u00e1n fog zajlani, \u00e9s az eredm\u00e9nyek a think-tank\u00fcnkben ker\u00fclnek v\u00e9gleges\u00edt\u00e9sre.\u00a0A kutat\u00e1s eredm\u00e9nyeit online, egy elektronikus publik\u00e1ci\u00f3ban tesz\u00fcnk k\u00f6zz\u00e9.<\/p>\n<p><a href=\"https:\/\/futureg.sk\/hu\/wp-content\/uploads\/sites\/2\/2017\/11\/Spolocny-region-UVSR-studia-20112017.doc\">Spolocny region UVSR studia 20112017 linken\u00a0<\/a>olvashatj\u00e1k el a kutat\u00e1st<\/p>\n<p><strong>\u00a0Weboldal a szlov\u00e1kiai magyar kisebbs\u00e9gben \u00e9l\u0151 civilek lehet\u0151s\u00e9geir\u0151l multikultur\u00e1lis tartalommal &#8211;<\/strong> <a href=\"https:\/\/futureg.sk\/hu\/projektek\/www.futureg.sk\">www.futureg.sk<\/a><\/p>\n<p>A projekt c\u00e9lja\u00a0online ismeretterjeszt\u0151 fel\u00fclet kialak\u00edt\u00e1s\u00e1val inform\u00e1ci\u00f3kat szolg\u00e1ltatni r\u00e9gi\u00f3nk fejleszt\u00e9si lehet\u0151s\u00e9geir\u0151l, ahol\u00a0a hat\u00e1rment\u00e9n magyar \u00e9s m\u00e1s nemzeti kisebbs\u00e9ghez tartoz\u00f3k \u00e9lnek \u00e9s dolgoznak.\u00a0 R\u00e9szleges c\u00e9lk\u00e9nt t\u0171zt\u00fck ki a kisebbs\u00e9geket \u00e9rint\u0151 t\u00e9m\u00e1k, n\u00e9h\u00e1ny region\u00e1lisan meghat\u00e1roz\u00f3 szakmai cikk el\u0151k\u00e9sz\u00edt\u00e9s\u00e9t \u00e9s ford\u00edt\u00e1s\u00e1t a szlov\u00e1k nyilv\u00e1noss\u00e1g sz\u00e1m\u00e1ra. A projekt keretein bel\u00fcl l\u00e9nyegre t\u00f6r\u0151en, vil\u00e1gosan \u00e9s \u00e9rthet\u0151en szeretn\u00e9nk elmagyar\u00e1zni egyes alapvet\u0151 szocio-\u00f6kon\u00f3miai, gazdas\u00e1gi fogalmakat, t\u00e9nyeket, valamint a k\u00f6zhaszn\u00fa \u00f6tletekre vonatkoz\u00f3 forr\u00e1sszerz\u00e9si lehet\u0151s\u00e9geket, a fundraising fogalm\u00e1t. A projekt megval\u00f3s\u00edt\u00e1sa sor\u00e1n \u00edrunk arr\u00f3l, mi\u00e9rt j\u00f3 fejleszteni a r\u00e9gi\u00f3t, ismerni a t\u00f6rt\u00e9nelm\u00e9t, kult\u00far\u00e1j\u00e1t \u00e9s irodalm\u00e1t, valamint felm\u00e9rj\u00fck, hogy aktu\u00e1lisan milyen gazdas\u00e1gi helyzetben van a hat\u00e1rmenti r\u00e9gi\u00f3, \u00e9s hogyan tudnak a nemzeti kisebbs\u00e9gek egy\u00fctt dolgozni, hogy jobb eredm\u00e9nyeket \u00e9rjenek el az itt \u00e9l\u0151 lakosok, szervezetek. A gazdas\u00e1got, r\u00e9gi\u00f3fejleszt\u00e9st \u00e9s kult\u00far\u00e1t \u00e9rint\u0151 t\u00e9m\u00e1kon t\u00falmen\u0151en m\u00e1s, a nemzeti identit\u00e1s t\u00e9m\u00e1j\u00e1hoz kapcsol\u00f3d\u00f3 ter\u00fcleteket is vizsg\u00e1lunk a nemzeti, politikai, kultur\u00e1lis \u00e9s t\u00f6rt\u00e9nelmi \u00f6sszef\u00fcgg\u00e9seket keresve. Term\u00e9szetesen a szakmai publik\u00e1ci\u00f3k a laikusok sz\u00e1m\u00e1ra is \u00e9rthet\u0151en ker\u00fclnek bemutat\u00e1sra. A port\u00e1l hossz\u00fa t\u00e1v\u00fa c\u00e9lja a crowfunding (t\u00f6megforr\u00e1sszerz\u00e9s) \u00e9s m\u00e1s gazdas\u00e1gi szakter\u00fcletek bemutat\u00e1sa, a n\u00e1lunk hozz\u00e1f\u00e9rhet\u0151 t\u00e1mogat\u00e1sokkal kapcsolatos inform\u00e1ci\u00f3k k\u00f6zz\u00e9t\u00e9tele \u00e9s \u00e1llami dot\u00e1ci\u00f3s rendszerek magyar\u00e1zata.<\/p>\n<p>&nbsp;<\/p>\n","protected":false},"excerpt":{"rendered":"<p>SZUBURBANIZ\u00c1CI\u00d3 TOLERANCIA SULIMEDI\u00c1TOR MINORITY KIDS KONFERANCIAK\u00d6TET A\u00a0projekt terve, hogy bemutassa \u00e9s szakmai k\u00f6r\u00f6kben n\u00e9pszer\u0171s\u00edtse a\u00a0Kisebbs\u00e9gben \u00e9l\u0151 gyerekek konferencia eredm\u00e9nyeit. C\u00e9lja, hogy megjelentesse a\u00a02017.j\u00fanius 2.-.3-\u00e1n Somorj\u00e1n megrendezett\u00a0konferenci\u00e1n elhangzottakat. Ez a\u00a0konferenciak\u00f6tet m\u00e1r a\u00a04. lesz a\u00a0sorban, melyet a\u00a0Phoenix PT egy\u00fcttm\u0171k\u00f6d\u00e9s\u00e9vel tartott konferenci\u00e1k \u00f6sszefoglal\u00f3i alkotnak. K\u00f6ztes c\u00e9l, hogy az el\u0151ad\u00f3k publik\u00e1ci\u00f3s tev\u00e9kenys\u00e9get folytathassanak magyar nyelven a\u00a0szakter\u00fclet\u00fck\u00f6n, amely tov\u00e1bb motiv\u00e1lja [&hellip;]<\/p>\n","protected":false},"author":1,"featured_media":0,"parent":0,"menu_order":0,"comment_status":"closed","ping_status":"closed","template":"","meta":{"_monsterinsights_skip_tracking":false,"_monsterinsights_sitenote_active":false,"_monsterinsights_sitenote_note":"","_monsterinsights_sitenote_category":0,"footnotes":""},"class_list":["post-14","page","type-page","status-publish","hentry"],"yoast_head":"<!-- This site is optimized with the Yoast SEO plugin v26.1.1 - https:\/\/yoast.com\/wordpress\/plugins\/seo\/ -->\n<title>Projektek - FutuReg PT<\/title>\n<meta name=\"robots\" content=\"index, follow, max-snippet:-1, max-image-preview:large, max-video-preview:-1\" \/>\n<link rel=\"canonical\" href=\"https:\/\/futureg.sk\/hu\/projektek\/\" \/>\n<meta property=\"og:locale\" content=\"hu_HU\" \/>\n<meta property=\"og:type\" content=\"article\" \/>\n<meta property=\"og:title\" content=\"Projektek - FutuReg PT\" \/>\n<meta property=\"og:description\" content=\"SZUBURBANIZ\u00c1CI\u00d3 TOLERANCIA SULIMEDI\u00c1TOR MINORITY KIDS KONFERANCIAK\u00d6TET A\u00a0projekt terve, hogy bemutassa \u00e9s szakmai k\u00f6r\u00f6kben n\u00e9pszer\u0171s\u00edtse a\u00a0Kisebbs\u00e9gben \u00e9l\u0151 gyerekek konferencia eredm\u00e9nyeit. C\u00e9lja, hogy megjelentesse a\u00a02017.j\u00fanius 2.-.3-\u00e1n Somorj\u00e1n megrendezett\u00a0konferenci\u00e1n elhangzottakat. Ez a\u00a0konferenciak\u00f6tet m\u00e1r a\u00a04. lesz a\u00a0sorban, melyet a\u00a0Phoenix PT egy\u00fcttm\u0171k\u00f6d\u00e9s\u00e9vel tartott konferenci\u00e1k \u00f6sszefoglal\u00f3i alkotnak. K\u00f6ztes c\u00e9l, hogy az el\u0151ad\u00f3k publik\u00e1ci\u00f3s tev\u00e9kenys\u00e9get folytathassanak magyar nyelven a\u00a0szakter\u00fclet\u00fck\u00f6n, amely tov\u00e1bb motiv\u00e1lja [&hellip;]\" \/>\n<meta property=\"og:url\" content=\"https:\/\/futureg.sk\/hu\/projektek\/\" \/>\n<meta property=\"og:site_name\" content=\"FutuReg PT\" \/>\n<meta property=\"article:modified_time\" content=\"2020-10-10T23:49:11+00:00\" \/>\n<meta name=\"twitter:card\" content=\"summary_large_image\" \/>\n<meta name=\"twitter:label1\" content=\"Becs\u00fclt olvas\u00e1si id\u0151\" \/>\n\t<meta name=\"twitter:data1\" content=\"16 perc\" \/>\n<script type=\"application\/ld+json\" class=\"yoast-schema-graph\">{\"@context\":\"https:\/\/schema.org\",\"@graph\":[{\"@type\":\"WebPage\",\"@id\":\"https:\/\/futureg.sk\/hu\/projektek\/\",\"url\":\"https:\/\/futureg.sk\/hu\/projektek\/\",\"name\":\"Projektek - FutuReg PT\",\"isPartOf\":{\"@id\":\"https:\/\/futureg.sk\/hu\/#website\"},\"datePublished\":\"2018-11-07T13:19:29+00:00\",\"dateModified\":\"2020-10-10T23:49:11+00:00\",\"breadcrumb\":{\"@id\":\"https:\/\/futureg.sk\/hu\/projektek\/#breadcrumb\"},\"inLanguage\":\"hu\",\"potentialAction\":[{\"@type\":\"ReadAction\",\"target\":[\"https:\/\/futureg.sk\/hu\/projektek\/\"]}]},{\"@type\":\"BreadcrumbList\",\"@id\":\"https:\/\/futureg.sk\/hu\/projektek\/#breadcrumb\",\"itemListElement\":[{\"@type\":\"ListItem\",\"position\":1,\"name\":\"Home\",\"item\":\"https:\/\/futureg.sk\/hu\/\"},{\"@type\":\"ListItem\",\"position\":2,\"name\":\"Projektek\"}]},{\"@type\":\"WebSite\",\"@id\":\"https:\/\/futureg.sk\/hu\/#website\",\"url\":\"https:\/\/futureg.sk\/hu\/\",\"name\":\"FutuReg PT\",\"description\":\"R\u00e9gi\u00f3nk \u00e9s gyermekeink fejleszt\u00e9s\u00e9\u00e9rt\",\"potentialAction\":[{\"@type\":\"SearchAction\",\"target\":{\"@type\":\"EntryPoint\",\"urlTemplate\":\"https:\/\/futureg.sk\/hu\/?s={search_term_string}\"},\"query-input\":{\"@type\":\"PropertyValueSpecification\",\"valueRequired\":true,\"valueName\":\"search_term_string\"}}],\"inLanguage\":\"hu\"}]}<\/script>\n<!-- \/ Yoast SEO plugin. -->","yoast_head_json":{"title":"Projektek - FutuReg PT","robots":{"index":"index","follow":"follow","max-snippet":"max-snippet:-1","max-image-preview":"max-image-preview:large","max-video-preview":"max-video-preview:-1"},"canonical":"https:\/\/futureg.sk\/hu\/projektek\/","og_locale":"hu_HU","og_type":"article","og_title":"Projektek - FutuReg PT","og_description":"SZUBURBANIZ\u00c1CI\u00d3 TOLERANCIA SULIMEDI\u00c1TOR MINORITY KIDS KONFERANCIAK\u00d6TET A\u00a0projekt terve, hogy bemutassa \u00e9s szakmai k\u00f6r\u00f6kben n\u00e9pszer\u0171s\u00edtse a\u00a0Kisebbs\u00e9gben \u00e9l\u0151 gyerekek konferencia eredm\u00e9nyeit. C\u00e9lja, hogy megjelentesse a\u00a02017.j\u00fanius 2.-.3-\u00e1n Somorj\u00e1n megrendezett\u00a0konferenci\u00e1n elhangzottakat. Ez a\u00a0konferenciak\u00f6tet m\u00e1r a\u00a04. lesz a\u00a0sorban, melyet a\u00a0Phoenix PT egy\u00fcttm\u0171k\u00f6d\u00e9s\u00e9vel tartott konferenci\u00e1k \u00f6sszefoglal\u00f3i alkotnak. K\u00f6ztes c\u00e9l, hogy az el\u0151ad\u00f3k publik\u00e1ci\u00f3s tev\u00e9kenys\u00e9get folytathassanak magyar nyelven a\u00a0szakter\u00fclet\u00fck\u00f6n, amely tov\u00e1bb motiv\u00e1lja [&hellip;]","og_url":"https:\/\/futureg.sk\/hu\/projektek\/","og_site_name":"FutuReg PT","article_modified_time":"2020-10-10T23:49:11+00:00","twitter_card":"summary_large_image","twitter_misc":{"Becs\u00fclt olvas\u00e1si id\u0151":"16 perc"},"schema":{"@context":"https:\/\/schema.org","@graph":[{"@type":"WebPage","@id":"https:\/\/futureg.sk\/hu\/projektek\/","url":"https:\/\/futureg.sk\/hu\/projektek\/","name":"Projektek - FutuReg PT","isPartOf":{"@id":"https:\/\/futureg.sk\/hu\/#website"},"datePublished":"2018-11-07T13:19:29+00:00","dateModified":"2020-10-10T23:49:11+00:00","breadcrumb":{"@id":"https:\/\/futureg.sk\/hu\/projektek\/#breadcrumb"},"inLanguage":"hu","potentialAction":[{"@type":"ReadAction","target":["https:\/\/futureg.sk\/hu\/projektek\/"]}]},{"@type":"BreadcrumbList","@id":"https:\/\/futureg.sk\/hu\/projektek\/#breadcrumb","itemListElement":[{"@type":"ListItem","position":1,"name":"Home","item":"https:\/\/futureg.sk\/hu\/"},{"@type":"ListItem","position":2,"name":"Projektek"}]},{"@type":"WebSite","@id":"https:\/\/futureg.sk\/hu\/#website","url":"https:\/\/futureg.sk\/hu\/","name":"FutuReg PT","description":"R\u00e9gi\u00f3nk \u00e9s gyermekeink fejleszt\u00e9s\u00e9\u00e9rt","potentialAction":[{"@type":"SearchAction","target":{"@type":"EntryPoint","urlTemplate":"https:\/\/futureg.sk\/hu\/?s={search_term_string}"},"query-input":{"@type":"PropertyValueSpecification","valueRequired":true,"valueName":"search_term_string"}}],"inLanguage":"hu"}]}},"_links":{"self":[{"href":"https:\/\/futureg.sk\/hu\/wp-json\/wp\/v2\/pages\/14","targetHints":{"allow":["GET"]}}],"collection":[{"href":"https:\/\/futureg.sk\/hu\/wp-json\/wp\/v2\/pages"}],"about":[{"href":"https:\/\/futureg.sk\/hu\/wp-json\/wp\/v2\/types\/page"}],"author":[{"embeddable":true,"href":"https:\/\/futureg.sk\/hu\/wp-json\/wp\/v2\/users\/1"}],"replies":[{"embeddable":true,"href":"https:\/\/futureg.sk\/hu\/wp-json\/wp\/v2\/comments?post=14"}],"version-history":[{"count":5,"href":"https:\/\/futureg.sk\/hu\/wp-json\/wp\/v2\/pages\/14\/revisions"}],"predecessor-version":[{"id":404,"href":"https:\/\/futureg.sk\/hu\/wp-json\/wp\/v2\/pages\/14\/revisions\/404"}],"wp:attachment":[{"href":"https:\/\/futureg.sk\/hu\/wp-json\/wp\/v2\/media?parent=14"}],"curies":[{"name":"wp","href":"https:\/\/api.w.org\/{rel}","templated":true}]}}